{"id":733,"date":"2023-11-09T13:24:25","date_gmt":"2023-11-09T12:24:25","guid":{"rendered":"https:\/\/de.scientistrebellion.com\/?page_id=733"},"modified":"2026-03-13T10:37:05","modified_gmt":"2026-03-13T09:37:05","slug":"talks-and-workshops","status":"publish","type":"page","link":"https:\/\/scientistrebellion.de\/de\/talks-and-workshops\/","title":{"rendered":"Events, Talks, Workshops"},"content":{"rendered":"<div data-elementor-type=\"wp-page\" data-elementor-id=\"733\" class=\"elementor elementor-733\">\n\t\t\t\t\t\t<section class=\"elementor-section elementor-top-section elementor-element elementor-element-fd85170 elementor-section-boxed elementor-section-height-default elementor-section-height-default\" data-id=\"fd85170\" data-element_type=\"section\" data-e-type=\"section\">\n\t\t\t\t\t\t<div class=\"elementor-container elementor-column-gap-default\">\n\t\t\t\t\t<div class=\"elementor-column elementor-col-100 elementor-top-column elementor-element elementor-element-bcfb890\" data-id=\"bcfb890\" data-element_type=\"column\" data-e-type=\"column\">\n\t\t\t<div class=\"elementor-widget-wrap elementor-element-populated\">\n\t\t\t\t\t\t<div class=\"elementor-element elementor-element-0c8758b elementor-widget elementor-widget-heading\" data-id=\"0c8758b\" data-element_type=\"widget\" data-e-type=\"widget\" data-widget_type=\"heading.default\">\n\t\t\t\t<div class=\"elementor-widget-container\">\n\t\t\t\t\t<h2 class=\"elementor-heading-title elementor-size-default\">Demn\u00e4chst<\/h2>\t\t\t\t<\/div>\n\t\t\t\t<\/div>\n\t\t\t\t\t<\/div>\n\t\t<\/div>\n\t\t\t\t\t<\/div>\n\t\t<\/section>\n\t\t\t\t<section class=\"elementor-section elementor-top-section elementor-element elementor-element-ccdf505 elementor-section-boxed elementor-section-height-default elementor-section-height-default\" data-id=\"ccdf505\" data-element_type=\"section\" data-e-type=\"section\">\n\t\t\t\t\t\t<div class=\"elementor-container elementor-column-gap-default\">\n\t\t\t\t\t<div class=\"elementor-column elementor-col-100 elementor-top-column elementor-element elementor-element-bf929d9\" data-id=\"bf929d9\" data-element_type=\"column\" data-e-type=\"column\">\n\t\t\t<div class=\"elementor-widget-wrap elementor-element-populated\">\n\t\t\t\t\t\t<div class=\"elementor-element elementor-element-a0025f7 elementor-widget elementor-widget-spacer\" data-id=\"a0025f7\" data-element_type=\"widget\" data-e-type=\"widget\" data-widget_type=\"spacer.default\">\n\t\t\t\t<div class=\"elementor-widget-container\">\n\t\t\t\t\t\t\t<div class=\"elementor-spacer\">\n\t\t\t<div class=\"elementor-spacer-inner\"><\/div>\n\t\t<\/div>\n\t\t\t\t\t\t<\/div>\n\t\t\t\t<\/div>\n\t\t\t\t<div class=\"elementor-element elementor-element-42f3566 elementor-widget elementor-widget-heading\" data-id=\"42f3566\" data-element_type=\"widget\" data-e-type=\"widget\" data-widget_type=\"heading.default\">\n\t\t\t\t<div class=\"elementor-widget-container\">\n\t\t\t\t\t<h3 class=\"elementor-heading-title elementor-size-default\">DEMONSTRATION: \u201eKeine Einzelf\u00e4lle \u2013 Polizei t\u00f6tet!\u201c  Demonstration in Berlin<\/h3>\t\t\t\t<\/div>\n\t\t\t\t<\/div>\n\t\t\t\t<div class=\"elementor-element elementor-element-2232adb elementor-widget elementor-widget-heading\" data-id=\"2232adb\" data-element_type=\"widget\" data-e-type=\"widget\" data-widget_type=\"heading.default\">\n\t\t\t\t<div class=\"elementor-widget-container\">\n\t\t\t\t\t<h3 class=\"elementor-heading-title elementor-size-default\">Sunday, March 15, 2026, Berlin<\/h3>\t\t\t\t<\/div>\n\t\t\t\t<\/div>\n\t\t\t\t<div class=\"elementor-element elementor-element-59f6129 elementor-widget elementor-widget-text-editor\" data-id=\"59f6129\" data-element_type=\"widget\" data-e-type=\"widget\" data-widget_type=\"text-editor.default\">\n\t\t\t\t<div class=\"elementor-widget-container\">\n\t\t\t\t\t\t\t\t\t<p>EN below<\/p><p><strong>Presseank\u00fcndigung<\/strong><\/p><p>15. M\u00e4rz: Am Internationalen Tag gegen Polizeigewalt ruft das breite B\u00fcndnis \u201eKeine Einzelf\u00e4lle \u2013 Polizei t\u00f6tet!\u201c bundesweit zu einer Demonstration in Berlin auf.<\/p><p>Berlin, 10. M\u00e4rz 2026 \u2013 Immer wieder t\u00f6tet die Polizei, ohne dass es angemessene Konsequenzen gibt. Zum Internationalen Tag gegen Polizeigewalt am 15. M\u00e4rz ruft das B\u00fcndnis \u201eKeine Einzelf\u00e4lle \u2013 Polizei t\u00f6tet!\u201c bundesweit\u00a0zum Gedenken an die Opfer von Polizeigewalt und zu einer Demonstration auf. Beginn ist um 13 Uhr am Denkmal f\u00fcr die Opfer von Rassismus und Polizeigewalt\u00a0am Oranienplatz in Berlin.<\/p><p>Das B\u00fcndnis ist ein Zusammenschluss aus mehr als 25 Organisationen, Initiativen, Betroffenen und Einzelpersonen. Die zentrale Forderung des B\u00fcndnisses ist das Ende staatlicher Gewalt, die insbesondere marginalisierte Gruppen trifft. Das sind keine Einzelf\u00e4lle, das hat System.<\/p><p><em>&#8220;Wir erinnern an Achidi, Oury, Mouhamed, Najib, Ante, Lorenz, Qabel, N\u2019deye Mareame, Christy und viele andere \u2013 auch an diejenigen, deren Namen wir nicht kennen. Sie alle hatten Familien, Tr\u00e4ume und eine Zukunft. Ihre Morde werden vertuscht, verharmlost und legitimiert. Wir m\u00fcssen daf\u00fcr sorgen, dass sie nicht vergessen werden.\u201c<\/em> \u2013 Jennifer Kamau, Pressesprecherin f\u00fcr das B\u00fcndnis und Gr\u00fcnderin \u201eInternational Women* Space\u201c<\/p><p>&#8220;Keine Einzelf\u00e4lle \u2013 Polizei t\u00f6tet!\u201c will auf das strukturelle Problem von t\u00f6dlicher Polizeigewalt hinweisen und darauf, wen diese besonders trifft: Schwarze Menschen, Migrant*innen, Wohnungslose, Menschen in psychischen Krisen, Queers, behinderte Menschen, Aktivist*innen und Sexarbeiter*innen.<\/p><p>Diese Gewalt wird im neuen Berliner Haushalt durch eine Rekordfinanzierung von 2,4 Milliarden Euro unterst\u00fctzt, w\u00e4hrend gleichzeitig soziale Infrastrukturen \u2013 besonders im Jugendbereich \u2013 schlie\u00dfen m\u00fcssen und Gewaltpr\u00e4ventionsprogramme vom Senat beendet werden.<\/p><p><em>&#8220;Ein Staat, der auf der einen Seite Milliarden in die Polizei steckt und auf der anderen Seite Schutzprogramme wegk\u00fcrzt und Schutzr\u00e4ume schlie\u00dfen l\u00e4sst, kann uns nicht glaubhaft machen, dass er uns sch\u00fctzen will. Frauen*, Wohnungslose, Jugendliche, Queers, Migrant*innen sollen einer noch besser ausger\u00fcsteten Polizei schutzlos ausgesetzt sein.\u201c<\/em> \u2013 Baki Devrimkaya, Pfleger*in in Berlin und Betroffener von Polizeigewalt.<\/p><p>Die Polizei ist ein Instrument der Repression. Aktuell versch\u00e4rft das Berliner Polizeigesetz diese Zust\u00e4nde weiter: mit KI-\u00dcberwachung, Datenspeicherung, geheimen Wohnungsdurchsuchungen und der Legitimierung gezielter T\u00f6tungen \u2013 auch von Minderj\u00e4hrigen.<\/p><p class=\"western\" lang=\"de-DE\"><em>\u201ePolizeigewalt ist die logische Folge eines patriarchalen, kapitalistischen und kolonialen Systems, das so unnat\u00fcrlich und ungerecht ist, dass es nur durch Einsch\u00fcchterung, Repression, Drohkulissen und Waffengewalt aufrechterhalten werden kann. Polizeigewalt ist kein Fehler im System, sie IST das System. Dagegen demonstrieren wir am 15. M\u00e4rz in Berlin. F\u00fcr eine gerechtere Welt f\u00fcr alle, in der wir uns gegenseitig am besten besch\u00fctzen k\u00f6nnen.\u201c<\/em> \u2013 Niki Drakos, Pressesprecherin f\u00fcr das B\u00fcndnis<\/p><p class=\"western\" lang=\"de-DE\">In Konsequenz fordert das B\u00fcndnis:<\/p><ul><li><p>Umverteilung \u00f6ffentlicher Mittel von Polizei in soziale Ma\u00dfnahmen und Infrastruktur wie Bildung, Gesundheit, Wohnraum und Krisenhilfe<\/p><\/li><li><p>Anerkennung von Rassismus, patriarchaler Gewalt, kolonialen Kontinuit\u00e4ten und Klassenverh\u00e4ltnissen als Ursprung des Polizeiapparats<\/p><\/li><li><p>Entwaffnung und Entmilitarisierung der Polizei<\/p><\/li><li><p>Stopp der Versch\u00e4rfung des Berliner Polizeigesetzes und aller Ma\u00dfnahmen zur automatisierten \u00dcberwachung<\/p><\/li><li><p>Erhebung und Ver\u00f6ffentlichung transparenter Statistiken zu Polizeigewalt\u00a0<\/p><p>Mitglieder des B\u00fcndnisses \u201eKeine Einzelf\u00e4lle \u2013 Polizei t\u00f6tet!\u201c sind unter anderem:\u00a0Kampagne f\u00fcr Opfer rassistischer Polizeigewalt (KOP), Migrantifa Berlin, International Women* Space, Ihr seid keine Sicherheit! (ISKS), Initiative Gerechtigkeit f\u00fcr Lorenz, Gerechtigkeit f\u00fcr Nelson, Polizei im Nacken \u2013 Kniefixierung verbieten, Scientist Rebellion, Abolish Frontex, Berlin Erinnert M\u00fcnchen OEZ, Die Urbane Berlin, Mera25 Berlin,\u00a0Allianz f\u00fcr Kritische und Solidarische Wissenschaft (KriSol), Pride Rebellion, RAZ e.V., Klasse gegen Klasse, Interventionistische Linke Berlin, Schlafen statt Strafen, Widersetzen Berlin<\/p><p>F\u00fcr R\u00fcckfragen, Interviews oder Bildmaterial:\u2028<\/p><\/li><li>Kontakt: Niki Drakos f\u00fcr das B\u00fcndnis \u201eKeine Einzelf\u00e4lle\u201c<br \/>Tel: 0179 5352730<br \/>Mail: keine-einzelfaelle-berlin@riseup.net<br \/>Instagram: @keineinzelfaelle<\/li><\/ul><p>ENGLISH<\/p><p><strong>Press Advisory<\/strong><\/p><p>March 15: On the International Day Against Police Brutality, the broad alliance \u201cKeine Einzelf\u00e4lle \u2013 Polizei t\u00f6tet!\u201d calls for a nationwide demonstration in Berlin<\/p><p>Berlin, March 10, 2026 \u2013 Time and again, people are killed by the police, without adequate consequences. On the International Day Against Police Brutality on March 15, the alliance \u201cKeine Einzelf\u00e4lle \u2013 Polizei t\u00f6tet!\u201d is calling nationwide to commemorate the victims of police violence and to join a demonstration in Berlin. The demonstration will begin at 1:00 p.m. at the Memorial for the Victims of Racism and Police Violence at Oranienplatz in Berlin.<\/p><p>We are an alliance of more than 25 organizations, initiatives, those affected, and individual supporters, jointly calling for an end to state violence that disproportionately affects marginalized groups. We know: these are not isolated incidents \u2013 this is systemic.<\/p><p>\u201cWe remember Achidi, Oury, Mouhamed, Najib, Ante, Lorenz, Qabel, N\u2019deye Mareame, Christy, and many others \u2013 including those whose names we do not know. They all had families, dreams, and a future. Their murders are covered up, trivialized, and legitimized. We must ensure that they are not forgotten.\u201d \u2013 Jennifer Kamau, spokesperson for the alliance and founder of International Women* Space<\/p><p>We want to draw attention to the structural problem behind deadly police violence and to those who are particularly affected: Black people, migrants, unhoused people, people in psychological crisis, queer people, disabled people, activists, and sex workers. This violence is reinforced by a record police budget of 2.4 billion euros in the new Berlin budget, while at the same time social infrastructures \u2013 particularly in the youth sector \u2013 are being forced to close and violence prevention programs are being ended by the Berlin Senate.<\/p><p>\u201cA state that invests billions in the police while simultaneously cutting protection programs and forcing safe shelters to close cannot credibly claim that it wants to protect us. Women*, unhoused people, young people, queer people, and migrants are expected to face an even more heavily equipped police force without protection.\u201d \u2013 Baki Devrimkaya, nurse in Berlin and victim of police violence<\/p><p>Instead of providing protection, the police increasingly function as an instrument of repression. Most recently, the Berlin Police Act has further intensified these developments: through AI surveillance, expanded data storage, secret home searches, and the legitimization of targeted killings \u2013 even of minors.<\/p><p>\u201cPolice violence is the logical consequence of a patriarchal, capitalist, and colonial system that is so unnatural and unjust that it can only be maintained through intimidation, repression, threats, and armed force. Police violence is not a flaw in the system \u2013 it IS the system. That is why we are demonstrating on March 15 in Berlin. For a more just world for everyone, in which we can best protect each other.\u201d \u2013 Niki Drakos, spokesperson for the alliance<\/p><p>In consequence, the alliance demands:<br \/>* Redistribution of public funds from the police to social measures and infrastructure such as education, health, housing, and crisis support<br \/>* Recognition of racism, colonial continuities, and class relations as the origins of the policing apparatus<br \/>* Disarmament and demilitarization of the police<br \/>* An end to the tightening of the Berlin Police Act and all measures of automated surveillance<br \/>* The collection and publication of transparent statistics on police violence<\/p><p>Members of the alliance \u2018Keine Einzelf\u00e4lle \u2013 Polizei t\u00f6tet!\u2019 include, among others: Kampagne f\u00fcr Opfer rassistischer Polizeigewalt (KOP), Migrantifa Berlin, International Women* Space, Ihr seid keine Sicherheit! (ISKS), Initiative Gerechtigkeit f\u00fcr Lorenz, Gerechtigkeit f\u00fcr Nelson, Polizei im Nacken \u2013 Kniefixierung verbieten, Scientist Rebellion, Abolish Frontex, Berlin Erinnert M\u00fcnchen OEZ, Die Urbane Berlin, Mera25 Berlin,\u00a0Allianz f\u00fcr Kritische und Solidarische Wissenschaft (KriSol), Pride Rebellion, RAZ e.V., Klasse gegen Klasse, Interventionistische Linke Berlin, Schlafen statt Strafen, Widersetzen Berlin<\/p><p>For inquiries, interviews, or press images:<br \/>Contact: Jennifer Kamau for the Alliance \u201eKeine Einzelf\u00e4lle\u201c<br \/>Tel: 0152 01721275<br \/>Mail: keine-einzelfaelle-berlin@riseup.net<br \/>Instagram: @keineinzelfaelle<\/p>\t\t\t\t\t\t\t\t<\/div>\n\t\t\t\t<\/div>\n\t\t\t\t\t<\/div>\n\t\t<\/div>\n\t\t\t\t\t<\/div>\n\t\t<\/section>\n\t\t\t\t<section class=\"elementor-section elementor-top-section elementor-element elementor-element-315332e elementor-section-boxed elementor-section-height-default elementor-section-height-default\" data-id=\"315332e\" data-element_type=\"section\" data-e-type=\"section\">\n\t\t\t\t\t\t<div class=\"elementor-container elementor-column-gap-default\">\n\t\t\t\t\t<div class=\"elementor-column elementor-col-100 elementor-top-column elementor-element elementor-element-1b6b3c9\" data-id=\"1b6b3c9\" data-element_type=\"column\" data-e-type=\"column\">\n\t\t\t<div class=\"elementor-widget-wrap elementor-element-populated\">\n\t\t\t\t\t\t<div class=\"elementor-element elementor-element-a98b2de elementor-widget elementor-widget-spacer\" data-id=\"a98b2de\" data-element_type=\"widget\" data-e-type=\"widget\" data-widget_type=\"spacer.default\">\n\t\t\t\t<div class=\"elementor-widget-container\">\n\t\t\t\t\t\t\t<div class=\"elementor-spacer\">\n\t\t\t<div class=\"elementor-spacer-inner\"><\/div>\n\t\t<\/div>\n\t\t\t\t\t\t<\/div>\n\t\t\t\t<\/div>\n\t\t\t\t<div class=\"elementor-element elementor-element-3d4d827 elementor-widget elementor-widget-heading\" data-id=\"3d4d827\" data-element_type=\"widget\" data-e-type=\"widget\" data-widget_type=\"heading.default\">\n\t\t\t\t<div class=\"elementor-widget-container\">\n\t\t\t\t\t<h2 class=\"elementor-heading-title elementor-size-default\">Vergangene Vortr\u00e4ge und Workshops<\/h2>\t\t\t\t<\/div>\n\t\t\t\t<\/div>\n\t\t\t\t\t<\/div>\n\t\t<\/div>\n\t\t\t\t\t<\/div>\n\t\t<\/section>\n\t\t\t\t<section class=\"elementor-section elementor-top-section elementor-element elementor-element-50a640d elementor-section-boxed elementor-section-height-default elementor-section-height-default\" data-id=\"50a640d\" data-element_type=\"section\" data-e-type=\"section\">\n\t\t\t\t\t\t<div class=\"elementor-container elementor-column-gap-default\">\n\t\t\t\t\t<div class=\"elementor-column elementor-col-100 elementor-top-column elementor-element elementor-element-4244ed4\" data-id=\"4244ed4\" data-element_type=\"column\" data-e-type=\"column\">\n\t\t\t<div class=\"elementor-widget-wrap elementor-element-populated\">\n\t\t\t\t\t\t<div class=\"elementor-element elementor-element-60a8d77 elementor-widget elementor-widget-spacer\" data-id=\"60a8d77\" data-element_type=\"widget\" data-e-type=\"widget\" data-widget_type=\"spacer.default\">\n\t\t\t\t<div class=\"elementor-widget-container\">\n\t\t\t\t\t\t\t<div class=\"elementor-spacer\">\n\t\t\t<div class=\"elementor-spacer-inner\"><\/div>\n\t\t<\/div>\n\t\t\t\t\t\t<\/div>\n\t\t\t\t<\/div>\n\t\t\t\t<div class=\"elementor-element elementor-element-3b0ef91 elementor-widget elementor-widget-heading\" data-id=\"3b0ef91\" data-element_type=\"widget\" data-e-type=\"widget\" data-widget_type=\"heading.default\">\n\t\t\t\t<div class=\"elementor-widget-container\">\n\t\t\t\t\t<h3 class=\"elementor-heading-title elementor-size-default\">CONFERENCE: Scientists' Responsibility Summit<\/h3>\t\t\t\t<\/div>\n\t\t\t\t<\/div>\n\t\t\t\t<div class=\"elementor-element elementor-element-8fda396 elementor-widget elementor-widget-heading\" data-id=\"8fda396\" data-element_type=\"widget\" data-e-type=\"widget\" data-widget_type=\"heading.default\">\n\t\t\t\t<div class=\"elementor-widget-container\">\n\t\t\t\t\t<h3 class=\"elementor-heading-title elementor-size-default\">Saturday, October 11, 2025, Berlin<\/h3>\t\t\t\t<\/div>\n\t\t\t\t<\/div>\n\t\t\t\t<div class=\"elementor-element elementor-element-e533e5e elementor-widget elementor-widget-text-editor\" data-id=\"e533e5e\" data-element_type=\"widget\" data-e-type=\"widget\" data-widget_type=\"text-editor.default\">\n\t\t\t\t<div class=\"elementor-widget-container\">\n\t\t\t\t\t\t\t\t\t<p>A multidisciplinary, international 1day conference to discuss the roles and responsibilities of scientists in the current social and geopolitical context.<\/p><p>In person attendance in Berlin is for free. The event will also be live streamed on YouTube.<\/p>\t\t\t\t\t\t\t\t<\/div>\n\t\t\t\t<\/div>\n\t\t\t\t<div class=\"elementor-element elementor-element-08be63c elementor-widget elementor-widget-text-editor\" data-id=\"08be63c\" data-element_type=\"widget\" data-e-type=\"widget\" data-widget_type=\"text-editor.default\">\n\t\t\t\t<div class=\"elementor-widget-container\">\n\t\t\t\t\t\t\t\t\t<p><a href=\"https:\/\/blogs.fu-berlin.de\/scientistsresponsibilitysummit\/\">More info and registration (for free)<\/a><\/p><p>Online live stream <a href=\"https:\/\/tinyurl.com\/nh5kpt4e\">HERE<\/a>.<\/p>\t\t\t\t\t\t\t\t<\/div>\n\t\t\t\t<\/div>\n\t\t\t\t\t<\/div>\n\t\t<\/div>\n\t\t\t\t\t<\/div>\n\t\t<\/section>\n\t\t\t\t<section class=\"elementor-section elementor-top-section elementor-element elementor-element-71d6399 elementor-section-boxed elementor-section-height-default elementor-section-height-default\" data-id=\"71d6399\" data-element_type=\"section\" data-e-type=\"section\">\n\t\t\t\t\t\t<div class=\"elementor-container elementor-column-gap-default\">\n\t\t\t\t\t<div class=\"elementor-column elementor-col-100 elementor-top-column elementor-element elementor-element-bab10ce\" data-id=\"bab10ce\" data-element_type=\"column\" data-e-type=\"column\">\n\t\t\t<div class=\"elementor-widget-wrap elementor-element-populated\">\n\t\t\t\t\t\t<div class=\"elementor-element elementor-element-02c00d0 elementor-widget elementor-widget-spacer\" data-id=\"02c00d0\" data-element_type=\"widget\" data-e-type=\"widget\" data-widget_type=\"spacer.default\">\n\t\t\t\t<div class=\"elementor-widget-container\">\n\t\t\t\t\t\t\t<div class=\"elementor-spacer\">\n\t\t\t<div class=\"elementor-spacer-inner\"><\/div>\n\t\t<\/div>\n\t\t\t\t\t\t<\/div>\n\t\t\t\t<\/div>\n\t\t\t\t<div class=\"elementor-element elementor-element-d69e065 elementor-widget elementor-widget-heading\" data-id=\"d69e065\" data-element_type=\"widget\" data-e-type=\"widget\" data-widget_type=\"heading.default\">\n\t\t\t\t<div class=\"elementor-widget-container\">\n\t\t\t\t\t<h3 class=\"elementor-heading-title elementor-size-default\">EVENT: Blind Spot Intervention: An Exhibit<\/h3>\t\t\t\t<\/div>\n\t\t\t\t<\/div>\n\t\t\t\t<div class=\"elementor-element elementor-element-5c21bc9 elementor-widget elementor-widget-heading\" data-id=\"5c21bc9\" data-element_type=\"widget\" data-e-type=\"widget\" data-widget_type=\"heading.default\">\n\t\t\t\t<div class=\"elementor-widget-container\">\n\t\t\t\t\t<h3 class=\"elementor-heading-title elementor-size-default\">July 03-05, 2025, Kiezkiosk Open Tiny, Treptower Strasse in 12059 Berlin-Neuk\u00f6lln<\/h3>\t\t\t\t<\/div>\n\t\t\t\t<\/div>\n\t\t\t\t<div class=\"elementor-element elementor-element-b0480b7 elementor-widget elementor-widget-text-editor\" data-id=\"b0480b7\" data-element_type=\"widget\" data-e-type=\"widget\" data-widget_type=\"text-editor.default\">\n\t\t\t\t<div class=\"elementor-widget-container\">\n\t\t\t\t\t\t\t\t\t<p><a href=\"https:\/\/scientistrebellion.de\/de\/blind-spot-intervention-an-exhibit\/\">More info<\/a><\/p>\t\t\t\t\t\t\t\t<\/div>\n\t\t\t\t<\/div>\n\t\t\t\t\t<\/div>\n\t\t<\/div>\n\t\t\t\t\t<\/div>\n\t\t<\/section>\n\t\t\t\t<section class=\"elementor-section elementor-top-section elementor-element elementor-element-9312864 elementor-section-boxed elementor-section-height-default elementor-section-height-default\" data-id=\"9312864\" data-element_type=\"section\" data-e-type=\"section\">\n\t\t\t\t\t\t<div class=\"elementor-container elementor-column-gap-default\">\n\t\t\t\t\t<div class=\"elementor-column elementor-col-100 elementor-top-column elementor-element elementor-element-564b9f7\" data-id=\"564b9f7\" data-element_type=\"column\" data-e-type=\"column\">\n\t\t\t<div class=\"elementor-widget-wrap elementor-element-populated\">\n\t\t\t\t\t\t<div class=\"elementor-element elementor-element-1e17d89 elementor-widget elementor-widget-spacer\" data-id=\"1e17d89\" data-element_type=\"widget\" data-e-type=\"widget\" data-widget_type=\"spacer.default\">\n\t\t\t\t<div class=\"elementor-widget-container\">\n\t\t\t\t\t\t\t<div class=\"elementor-spacer\">\n\t\t\t<div class=\"elementor-spacer-inner\"><\/div>\n\t\t<\/div>\n\t\t\t\t\t\t<\/div>\n\t\t\t\t<\/div>\n\t\t\t\t<div class=\"elementor-element elementor-element-0957168 elementor-widget elementor-widget-heading\" data-id=\"0957168\" data-element_type=\"widget\" data-e-type=\"widget\" data-widget_type=\"heading.default\">\n\t\t\t\t<div class=\"elementor-widget-container\">\n\t\t\t\t\t<h3 class=\"elementor-heading-title elementor-size-default\">EVENT: Blind Spot Intervention: An Exhibit<\/h3>\t\t\t\t<\/div>\n\t\t\t\t<\/div>\n\t\t\t\t<div class=\"elementor-element elementor-element-bb0bcbc elementor-widget elementor-widget-heading\" data-id=\"bb0bcbc\" data-element_type=\"widget\" data-e-type=\"widget\" data-widget_type=\"heading.default\">\n\t\t\t\t<div class=\"elementor-widget-container\">\n\t\t\t\t\t<h3 class=\"elementor-heading-title elementor-size-default\">February 11 &amp; 12, 2025, 11AM-9PM, Kiezkiosk Open Tiny, Treptower Strasse in 12059 Berlin-Neuk\u00f6lln<\/h3>\t\t\t\t<\/div>\n\t\t\t\t<\/div>\n\t\t\t\t<div class=\"elementor-element elementor-element-ebbfcef elementor-widget elementor-widget-text-editor\" data-id=\"ebbfcef\" data-element_type=\"widget\" data-e-type=\"widget\" data-widget_type=\"text-editor.default\">\n\t\t\t\t<div class=\"elementor-widget-container\">\n\t\t\t\t\t\t\t\t\t<p><a href=\"https:\/\/scientistrebellion.de\/de\/blind-spot-intervention-an-exhibit\/\">More info<\/a><\/p>\t\t\t\t\t\t\t\t<\/div>\n\t\t\t\t<\/div>\n\t\t\t\t\t<\/div>\n\t\t<\/div>\n\t\t\t\t\t<\/div>\n\t\t<\/section>\n\t\t\t\t<section class=\"elementor-section elementor-top-section elementor-element elementor-element-2d31f1d elementor-section-boxed elementor-section-height-default elementor-section-height-default\" data-id=\"2d31f1d\" data-element_type=\"section\" data-e-type=\"section\">\n\t\t\t\t\t\t<div class=\"elementor-container elementor-column-gap-default\">\n\t\t\t\t\t<div class=\"elementor-column elementor-col-100 elementor-top-column elementor-element elementor-element-3fa19c2\" data-id=\"3fa19c2\" data-element_type=\"column\" data-e-type=\"column\">\n\t\t\t<div class=\"elementor-widget-wrap elementor-element-populated\">\n\t\t\t\t\t\t<div class=\"elementor-element elementor-element-084f7c3 elementor-widget elementor-widget-spacer\" data-id=\"084f7c3\" data-element_type=\"widget\" data-e-type=\"widget\" data-widget_type=\"spacer.default\">\n\t\t\t\t<div class=\"elementor-widget-container\">\n\t\t\t\t\t\t\t<div class=\"elementor-spacer\">\n\t\t\t<div class=\"elementor-spacer-inner\"><\/div>\n\t\t<\/div>\n\t\t\t\t\t\t<\/div>\n\t\t\t\t<\/div>\n\t\t\t\t<div class=\"elementor-element elementor-element-d6d75fc elementor-widget elementor-widget-heading\" data-id=\"d6d75fc\" data-element_type=\"widget\" data-e-type=\"widget\" data-widget_type=\"heading.default\">\n\t\t\t\t<div class=\"elementor-widget-container\">\n\t\t\t\t\t<h3 class=\"elementor-heading-title elementor-size-default\">EVENT: IPCC Lesemarathon<\/h3>\t\t\t\t<\/div>\n\t\t\t\t<\/div>\n\t\t\t\t<div class=\"elementor-element elementor-element-fa5db84 elementor-widget elementor-widget-heading\" data-id=\"fa5db84\" data-element_type=\"widget\" data-e-type=\"widget\" data-widget_type=\"heading.default\">\n\t\t\t\t<div class=\"elementor-widget-container\">\n\t\t\t\t\t<h3 class=\"elementor-heading-title elementor-size-default\">26.-28. November, 9:30 - 16:30 Uhr, Silberlaube, FU Berlin<\/h3>\t\t\t\t<\/div>\n\t\t\t\t<\/div>\n\t\t\t\t<div class=\"elementor-element elementor-element-256a2a1 elementor-widget elementor-widget-text-editor\" data-id=\"256a2a1\" data-element_type=\"widget\" data-e-type=\"widget\" data-widget_type=\"text-editor.default\">\n\t\t\t\t<div class=\"elementor-widget-container\">\n\t\t\t\t\t\t\t\t\t<p><a href=\"\/de\/ipcc-reading-berlin-november-2024\/\">More info<\/a> <\/p>\t\t\t\t\t\t\t\t<\/div>\n\t\t\t\t<\/div>\n\t\t\t\t\t<\/div>\n\t\t<\/div>\n\t\t\t\t\t<\/div>\n\t\t<\/section>\n\t\t\t\t<section class=\"elementor-section elementor-top-section elementor-element elementor-element-4e2ea48 elementor-section-boxed elementor-section-height-default elementor-section-height-default\" data-id=\"4e2ea48\" data-element_type=\"section\" data-e-type=\"section\">\n\t\t\t\t\t\t<div class=\"elementor-container elementor-column-gap-default\">\n\t\t\t\t\t<div class=\"elementor-column elementor-col-100 elementor-top-column elementor-element elementor-element-49fd1b3\" data-id=\"49fd1b3\" data-element_type=\"column\" data-e-type=\"column\">\n\t\t\t<div class=\"elementor-widget-wrap elementor-element-populated\">\n\t\t\t\t\t\t<div class=\"elementor-element elementor-element-c73e378 elementor-widget elementor-widget-spacer\" data-id=\"c73e378\" data-element_type=\"widget\" data-e-type=\"widget\" data-widget_type=\"spacer.default\">\n\t\t\t\t<div class=\"elementor-widget-container\">\n\t\t\t\t\t\t\t<div class=\"elementor-spacer\">\n\t\t\t<div class=\"elementor-spacer-inner\"><\/div>\n\t\t<\/div>\n\t\t\t\t\t\t<\/div>\n\t\t\t\t<\/div>\n\t\t\t\t<div class=\"elementor-element elementor-element-9fd8022 elementor-widget elementor-widget-heading\" data-id=\"9fd8022\" data-element_type=\"widget\" data-e-type=\"widget\" data-widget_type=\"heading.default\">\n\t\t\t\t<div class=\"elementor-widget-container\">\n\t\t\t\t\t<h3 class=\"elementor-heading-title elementor-size-default\">TALK: Berlin Postdoc Day 2024<\/h3>\t\t\t\t<\/div>\n\t\t\t\t<\/div>\n\t\t\t\t<div class=\"elementor-element elementor-element-64e8067 elementor-widget elementor-widget-heading\" data-id=\"64e8067\" data-element_type=\"widget\" data-e-type=\"widget\" data-widget_type=\"heading.default\">\n\t\t\t\t<div class=\"elementor-widget-container\">\n\t\t\t\t\t<h3 class=\"elementor-heading-title elementor-size-default\">07th November 2024, 1:00 pm, Humboldt Graduate School, Berlin<\/h3>\t\t\t\t<\/div>\n\t\t\t\t<\/div>\n\t\t\t\t\t<\/div>\n\t\t<\/div>\n\t\t\t\t\t<\/div>\n\t\t<\/section>\n\t\t\t\t<section class=\"elementor-section elementor-top-section elementor-element elementor-element-e4f009b elementor-section-boxed elementor-section-height-default elementor-section-height-default\" data-id=\"e4f009b\" data-element_type=\"section\" data-e-type=\"section\">\n\t\t\t\t\t\t<div class=\"elementor-container elementor-column-gap-default\">\n\t\t\t\t\t<div class=\"elementor-column elementor-col-100 elementor-top-column elementor-element elementor-element-18877a9\" data-id=\"18877a9\" data-element_type=\"column\" data-e-type=\"column\">\n\t\t\t<div class=\"elementor-widget-wrap elementor-element-populated\">\n\t\t\t\t\t\t<div class=\"elementor-element elementor-element-404a477 elementor-widget elementor-widget-spacer\" data-id=\"404a477\" data-element_type=\"widget\" data-e-type=\"widget\" data-widget_type=\"spacer.default\">\n\t\t\t\t<div class=\"elementor-widget-container\">\n\t\t\t\t\t\t\t<div class=\"elementor-spacer\">\n\t\t\t<div class=\"elementor-spacer-inner\"><\/div>\n\t\t<\/div>\n\t\t\t\t\t\t<\/div>\n\t\t\t\t<\/div>\n\t\t\t\t<div class=\"elementor-element elementor-element-2f6122e elementor-widget elementor-widget-heading\" data-id=\"2f6122e\" data-element_type=\"widget\" data-e-type=\"widget\" data-widget_type=\"heading.default\">\n\t\t\t\t<div class=\"elementor-widget-container\">\n\t\t\t\t\t<h3 class=\"elementor-heading-title elementor-size-default\"><p data-pm-slice=\"1 1 []\">TALK\/DISCUSSION: Unpolitisch? Gesetzestreu? Was kann, was darf (und was muss) Wissenschaft? <br><\/p><\/h3>\t\t\t\t<\/div>\n\t\t\t\t<\/div>\n\t\t\t\t<div class=\"elementor-element elementor-element-e34ecd1 elementor-widget elementor-widget-heading\" data-id=\"e34ecd1\" data-element_type=\"widget\" data-e-type=\"widget\" data-widget_type=\"heading.default\">\n\t\t\t\t<div class=\"elementor-widget-container\">\n\t\t\t\t\t<h3 class=\"elementor-heading-title elementor-size-default\"><p data-pm-slice=\"1 1 []\">Tuesday 11th June 2024, 16:00 pm, online <br><\/p><\/h3>\t\t\t\t<\/div>\n\t\t\t\t<\/div>\n\t\t\t\t<div class=\"elementor-element elementor-element-d6688a3 elementor-widget elementor-widget-text-editor\" data-id=\"d6688a3\" data-element_type=\"widget\" data-e-type=\"widget\" data-widget_type=\"text-editor.default\">\n\t\t\t\t<div class=\"elementor-widget-container\">\n\t\t\t\t\t\t\t\t\t<p>Liebe Nachhaltigkeitsaktive, habt auch Ihr Euch schon gefragt, ob \u201edie Wissenschaft\u201c und alle daran Beteiligten nicht neue Wege finden m\u00fcssen, um Menschen f\u00fcr die Krisen unserer Zeit zu sensibilisieren und \u2013 noch viel wichtiger \u2013 zum Handeln zu bewegen? Mit Menschen, die neue Wege gehen, m\u00f6chten wir in diesem Hub ins Gespr\u00e4ch kommen: Dr. Gregor Hagedorn von Scientists for Future, Prof. Dr. Anne Baillot von Scientist Rebellion und Dr. Dieter Martin von Letzte Generation werden uns Einblick in die grunds\u00e4tzliche Idee ihrer jeweiligen Bewegung geben und \u00fcber ihre pers\u00f6nlichen Beweggr\u00fcnde sprechen. Mit Dr. Larissa Daria Meier, Wissenschaftliche Mitarbeiterin am Institut f\u00fcr Interdisziplin\u00e4re Konfliktforschung in Bielefeld, m\u00f6chten wir \u00fcber die grunds\u00e4tzliche Bedeutung gesellschaftlicher Bewegungen f\u00fcr gesellschaftlichen Wandel sprechen. Zeit f\u00fcr Fragen und den Austausch von Gedanken ist eingeplant.<\/p><p>Weitere Infos: <a href=\"https:\/\/www.dg-hochn.de\/unsere-aktivitaeten#AktuelleHub-Termine\">https:\/\/www.dg-hochn.de\/unsere-aktivitaeten#AktuelleHub-Termine<\/a><\/p>\t\t\t\t\t\t\t\t<\/div>\n\t\t\t\t<\/div>\n\t\t\t\t\t<\/div>\n\t\t<\/div>\n\t\t\t\t\t<\/div>\n\t\t<\/section>\n\t\t\t\t<section class=\"elementor-section elementor-top-section elementor-element elementor-element-ac9ca89 elementor-section-boxed elementor-section-height-default elementor-section-height-default\" data-id=\"ac9ca89\" data-element_type=\"section\" data-e-type=\"section\">\n\t\t\t\t\t\t<div class=\"elementor-container elementor-column-gap-default\">\n\t\t\t\t\t<div class=\"elementor-column elementor-col-100 elementor-top-column elementor-element elementor-element-7d9aec9\" data-id=\"7d9aec9\" data-element_type=\"column\" data-e-type=\"column\">\n\t\t\t<div class=\"elementor-widget-wrap elementor-element-populated\">\n\t\t\t\t\t\t<div class=\"elementor-element elementor-element-d6584e7 elementor-widget elementor-widget-spacer\" data-id=\"d6584e7\" data-element_type=\"widget\" data-e-type=\"widget\" data-widget_type=\"spacer.default\">\n\t\t\t\t<div class=\"elementor-widget-container\">\n\t\t\t\t\t\t\t<div class=\"elementor-spacer\">\n\t\t\t<div class=\"elementor-spacer-inner\"><\/div>\n\t\t<\/div>\n\t\t\t\t\t\t<\/div>\n\t\t\t\t<\/div>\n\t\t\t\t<div class=\"elementor-element elementor-element-862b466 elementor-widget elementor-widget-heading\" data-id=\"862b466\" data-element_type=\"widget\" data-e-type=\"widget\" data-widget_type=\"heading.default\">\n\t\t\t\t<div class=\"elementor-widget-container\">\n\t\t\t\t\t<h3 class=\"elementor-heading-title elementor-size-default\"><p data-pm-slice=\"1 1 []\">TALK: Nachhaltige Entwicklung: Kommt die Umwelt mal wieder zu kurz? <br><\/p><\/h3>\t\t\t\t<\/div>\n\t\t\t\t<\/div>\n\t\t\t\t<div class=\"elementor-element elementor-element-ae192f4 elementor-widget elementor-widget-heading\" data-id=\"ae192f4\" data-element_type=\"widget\" data-e-type=\"widget\" data-widget_type=\"heading.default\">\n\t\t\t\t<div class=\"elementor-widget-container\">\n\t\t\t\t\t<h3 class=\"elementor-heading-title elementor-size-default\"><p data-pm-slice=\"1 1 []\">Monday 13th May 2024, 6:30 pm, Universit\u00e4t Bamberg <br><\/p><\/h3>\t\t\t\t<\/div>\n\t\t\t\t<\/div>\n\t\t\t\t<div class=\"elementor-element elementor-element-7371d8e elementor-widget elementor-widget-image\" data-id=\"7371d8e\" data-element_type=\"widget\" data-e-type=\"widget\" data-widget_type=\"image.default\">\n\t\t\t\t<div class=\"elementor-widget-container\">\n\t\t\t\t\t\t\t\t\t\t\t\t\t\t\t<img fetchpriority=\"high\" decoding=\"async\" width=\"213\" height=\"300\" src=\"https:\/\/scientistrebellion.de\/wp-content\/uploads\/2024\/05\/Bamberg-213x300.png\" class=\"attachment-medium size-medium wp-image-2271\" alt=\"\" srcset=\"https:\/\/scientistrebellion.de\/wp-content\/uploads\/2024\/05\/Bamberg-213x300.png 213w, https:\/\/scientistrebellion.de\/wp-content\/uploads\/2024\/05\/Bamberg-9x12.png 9w, https:\/\/scientistrebellion.de\/wp-content\/uploads\/2024\/05\/Bamberg.png 432w\" sizes=\"(max-width: 213px) 100vw, 213px\" \/>\t\t\t\t\t\t\t\t\t\t\t\t\t\t\t<\/div>\n\t\t\t\t<\/div>\n\t\t\t\t\t<\/div>\n\t\t<\/div>\n\t\t\t\t\t<\/div>\n\t\t<\/section>\n\t\t\t\t<section class=\"elementor-section elementor-top-section elementor-element elementor-element-9250ad1 elementor-section-boxed elementor-section-height-default elementor-section-height-default\" data-id=\"9250ad1\" data-element_type=\"section\" data-e-type=\"section\">\n\t\t\t\t\t\t<div class=\"elementor-container elementor-column-gap-default\">\n\t\t\t\t\t<div class=\"elementor-column elementor-col-100 elementor-top-column elementor-element elementor-element-ddf51a2\" data-id=\"ddf51a2\" data-element_type=\"column\" data-e-type=\"column\">\n\t\t\t<div class=\"elementor-widget-wrap elementor-element-populated\">\n\t\t\t\t\t\t<div class=\"elementor-element elementor-element-23ab4aa elementor-widget elementor-widget-spacer\" data-id=\"23ab4aa\" data-element_type=\"widget\" data-e-type=\"widget\" data-widget_type=\"spacer.default\">\n\t\t\t\t<div class=\"elementor-widget-container\">\n\t\t\t\t\t\t\t<div class=\"elementor-spacer\">\n\t\t\t<div class=\"elementor-spacer-inner\"><\/div>\n\t\t<\/div>\n\t\t\t\t\t\t<\/div>\n\t\t\t\t<\/div>\n\t\t\t\t<div class=\"elementor-element elementor-element-213760d elementor-widget elementor-widget-heading\" data-id=\"213760d\" data-element_type=\"widget\" data-e-type=\"widget\" data-widget_type=\"heading.default\">\n\t\t\t\t<div class=\"elementor-widget-container\">\n\t\t\t\t\t<h3 class=\"elementor-heading-title elementor-size-default\">TALK: Are your pension savings financing the climate crisis? <\/h3>\t\t\t\t<\/div>\n\t\t\t\t<\/div>\n\t\t\t\t<div class=\"elementor-element elementor-element-366f119 elementor-widget elementor-widget-heading\" data-id=\"366f119\" data-element_type=\"widget\" data-e-type=\"widget\" data-widget_type=\"heading.default\">\n\t\t\t\t<div class=\"elementor-widget-container\">\n\t\t\t\t\t<h3 class=\"elementor-heading-title elementor-size-default\">Wednesday 15th May 2024, 8:30 pm CEST, online<\/h3>\t\t\t\t<\/div>\n\t\t\t\t<\/div>\n\t\t\t\t<div class=\"elementor-element elementor-element-88d12c5 elementor-widget__width-initial elementor-widget elementor-widget-video\" data-id=\"88d12c5\" data-element_type=\"widget\" data-e-type=\"widget\" data-settings=\"{&quot;youtube_url&quot;:&quot;https:\\\/\\\/youtu.be\\\/-Z_9Inr8vao?si=CIrNX4uJxSGAF3N5&quot;,&quot;video_type&quot;:&quot;youtube&quot;,&quot;controls&quot;:&quot;yes&quot;}\" data-widget_type=\"video.default\">\n\t\t\t\t<div class=\"elementor-widget-container\">\n\t\t\t\t\t\t\t<div class=\"elementor-wrapper elementor-open-inline\">\n\t\t\t<div class=\"elementor-video\"><\/div>\t\t<\/div>\n\t\t\t\t\t\t<\/div>\n\t\t\t\t<\/div>\n\t\t\t\t<div class=\"elementor-element elementor-element-3c36d87 elementor-widget elementor-widget-text-editor\" data-id=\"3c36d87\" data-element_type=\"widget\" data-e-type=\"widget\" data-widget_type=\"text-editor.default\">\n\t\t\t\t<div class=\"elementor-widget-container\">\n\t\t\t\t\t\t\t\t\t<p>In Germany, employees in the public sector have to pay into the VBL (Versorgungsanstalt des Bundes und der L\u00e4nder). The VBL is a pension fund that invests in non-sustainable companies, e.g. fossil fuel companies. Alison will talk about a previous campaign &#8211; sustainVBL &#8211; that aimed at making VBL more transparent and divest from fossil fuels. Hiske will talk about a similar campaign in the Netherlands.\u00a0<\/p>\t\t\t\t\t\t\t\t<\/div>\n\t\t\t\t<\/div>\n\t\t\t\t\t<\/div>\n\t\t<\/div>\n\t\t\t\t\t<\/div>\n\t\t<\/section>\n\t\t\t\t<section class=\"elementor-section elementor-top-section elementor-element elementor-element-f8fefed elementor-section-boxed elementor-section-height-default elementor-section-height-default\" data-id=\"f8fefed\" data-element_type=\"section\" data-e-type=\"section\">\n\t\t\t\t\t\t<div class=\"elementor-container elementor-column-gap-default\">\n\t\t\t\t\t<div class=\"elementor-column elementor-col-100 elementor-top-column elementor-element elementor-element-813d9c7\" data-id=\"813d9c7\" data-element_type=\"column\" data-e-type=\"column\">\n\t\t\t<div class=\"elementor-widget-wrap elementor-element-populated\">\n\t\t\t\t\t\t<div class=\"elementor-element elementor-element-56d636c elementor-widget elementor-widget-spacer\" data-id=\"56d636c\" data-element_type=\"widget\" data-e-type=\"widget\" data-widget_type=\"spacer.default\">\n\t\t\t\t<div class=\"elementor-widget-container\">\n\t\t\t\t\t\t\t<div class=\"elementor-spacer\">\n\t\t\t<div class=\"elementor-spacer-inner\"><\/div>\n\t\t<\/div>\n\t\t\t\t\t\t<\/div>\n\t\t\t\t<\/div>\n\t\t\t\t<div class=\"elementor-element elementor-element-39c2e97 elementor-widget elementor-widget-heading\" data-id=\"39c2e97\" data-element_type=\"widget\" data-e-type=\"widget\" data-widget_type=\"heading.default\">\n\t\t\t\t<div class=\"elementor-widget-container\">\n\t\t\t\t\t<h3 class=\"elementor-heading-title elementor-size-default\"><p data-pm-slice=\"1 1 []\">TALK: The Climate Crisis and Civil Disobedience <br><\/p><\/h3>\t\t\t\t<\/div>\n\t\t\t\t<\/div>\n\t\t\t\t<div class=\"elementor-element elementor-element-15020dc elementor-widget elementor-widget-heading\" data-id=\"15020dc\" data-element_type=\"widget\" data-e-type=\"widget\" data-widget_type=\"heading.default\">\n\t\t\t\t<div class=\"elementor-widget-container\">\n\t\t\t\t\t<h3 class=\"elementor-heading-title elementor-size-default\"><p data-pm-slice=\"1 1 []\">Friday 10th May 2024, 6 pm, Rachel Carson Centre, LMU Munich <br><\/p><\/h3>\t\t\t\t<\/div>\n\t\t\t\t<\/div>\n\t\t\t\t<div class=\"elementor-element elementor-element-a8ac5df elementor-widget elementor-widget-image\" data-id=\"a8ac5df\" data-element_type=\"widget\" data-e-type=\"widget\" data-widget_type=\"image.default\">\n\t\t\t\t<div class=\"elementor-widget-container\">\n\t\t\t\t\t\t\t\t\t\t\t\t\t\t\t<img decoding=\"async\" width=\"212\" height=\"300\" src=\"https:\/\/scientistrebellion.de\/wp-content\/uploads\/2024\/05\/GianTalk-212x300.jpeg\" class=\"attachment-medium size-medium wp-image-2267\" alt=\"\" srcset=\"https:\/\/scientistrebellion.de\/wp-content\/uploads\/2024\/05\/GianTalk-212x300.jpeg 212w, https:\/\/scientistrebellion.de\/wp-content\/uploads\/2024\/05\/GianTalk-724x1024.jpeg 724w, https:\/\/scientistrebellion.de\/wp-content\/uploads\/2024\/05\/GianTalk-768x1086.jpeg 768w, https:\/\/scientistrebellion.de\/wp-content\/uploads\/2024\/05\/GianTalk-1086x1536.jpeg 1086w, https:\/\/scientistrebellion.de\/wp-content\/uploads\/2024\/05\/GianTalk-8x12.jpeg 8w, https:\/\/scientistrebellion.de\/wp-content\/uploads\/2024\/05\/GianTalk-1024x1449.jpeg 1024w, https:\/\/scientistrebellion.de\/wp-content\/uploads\/2024\/05\/GianTalk-763x1080.jpeg 763w, https:\/\/scientistrebellion.de\/wp-content\/uploads\/2024\/05\/GianTalk.jpeg 1131w\" sizes=\"(max-width: 212px) 100vw, 212px\" \/>\t\t\t\t\t\t\t\t\t\t\t\t\t\t\t<\/div>\n\t\t\t\t<\/div>\n\t\t\t\t<div class=\"elementor-element elementor-element-5cf877f elementor-widget elementor-widget-text-editor\" data-id=\"5cf877f\" data-element_type=\"widget\" data-e-type=\"widget\" data-widget_type=\"text-editor.default\">\n\t\t\t\t<div class=\"elementor-widget-container\">\n\t\t\t\t\t\t\t\t\t<p class=\"p1\">Gianluca Grimalda, social scientist with an expertise in climate change, was fired by the The Kiel Institute for the World Economy after refusing to fly home from a research trip in Papua New Guinea. In this talk he is going to discuss his experience with civil disobedience, his trip back to Europe and the role of academics in the climate crisis.<\/p>\t\t\t\t\t\t\t\t<\/div>\n\t\t\t\t<\/div>\n\t\t\t\t<div class=\"elementor-element elementor-element-bc83ac2 elementor-widget elementor-widget-spacer\" data-id=\"bc83ac2\" data-element_type=\"widget\" data-e-type=\"widget\" data-widget_type=\"spacer.default\">\n\t\t\t\t<div class=\"elementor-widget-container\">\n\t\t\t\t\t\t\t<div class=\"elementor-spacer\">\n\t\t\t<div class=\"elementor-spacer-inner\"><\/div>\n\t\t<\/div>\n\t\t\t\t\t\t<\/div>\n\t\t\t\t<\/div>\n\t\t\t\t\t<\/div>\n\t\t<\/div>\n\t\t\t\t\t<\/div>\n\t\t<\/section>\n\t\t\t\t<section class=\"elementor-section elementor-top-section elementor-element elementor-element-2e5b662 elementor-section-boxed elementor-section-height-default elementor-section-height-default\" data-id=\"2e5b662\" data-element_type=\"section\" data-e-type=\"section\">\n\t\t\t\t\t\t<div class=\"elementor-container elementor-column-gap-default\">\n\t\t\t\t\t<div class=\"elementor-column elementor-col-100 elementor-top-column elementor-element elementor-element-1f5bc3f\" data-id=\"1f5bc3f\" data-element_type=\"column\" data-e-type=\"column\">\n\t\t\t<div class=\"elementor-widget-wrap elementor-element-populated\">\n\t\t\t\t\t\t<div class=\"elementor-element elementor-element-451edc6 elementor-widget elementor-widget-heading\" data-id=\"451edc6\" data-element_type=\"widget\" data-e-type=\"widget\" data-widget_type=\"heading.default\">\n\t\t\t\t<div class=\"elementor-widget-container\">\n\t\t\t\t\t<h3 class=\"elementor-heading-title elementor-size-default\">WORKSHOP: What you could do at your own university <\/h3>\t\t\t\t<\/div>\n\t\t\t\t<\/div>\n\t\t\t\t<div class=\"elementor-element elementor-element-fcafd31 elementor-widget elementor-widget-text-editor\" data-id=\"fcafd31\" data-element_type=\"widget\" data-e-type=\"widget\" data-widget_type=\"text-editor.default\">\n\t\t\t\t<div class=\"elementor-widget-container\">\n\t\t\t\t\t\t\t\t\t<p data-pm-slice=\"1 1 []\">Online &#8211; Sunday 17th December, from 16:00-17:30.<\/p>\t\t\t\t\t\t\t\t<\/div>\n\t\t\t\t<\/div>\n\t\t\t\t<div class=\"elementor-element elementor-element-ec2209d elementor-widget elementor-widget-text-editor\" data-id=\"ec2209d\" data-element_type=\"widget\" data-e-type=\"widget\" data-widget_type=\"text-editor.default\">\n\t\t\t\t<div class=\"elementor-widget-container\">\n\t\t\t\t\t\t\t\t\t<p data-pm-slice=\"1 1 []\">Wondering what you could do <strong>at your own university or academic institution<\/strong> to push the change towards a livable future in a more equitable society? Join our online meeting on December 17th to meet like minded academics interested in acting upon the climate and biodiversity crisis, and discuss strategies to mobilize colleagues and push for a change.<\/p><p>No previous knowledge nor experience with Scientist Rebellion or activism is required.<\/p><p>In this meeting, we will present Scientist Rebellion Germany with a focus on local dynamics at universities and research institutes all across Germany. We will present existing mobilization materials and discuss strategies, especially how to address academic institutions depending on their individual profile. What kind of talks can be organized, how can the different academic audiences be reached, what can be achieved in a specific academic context?<\/p><p>We will be joined by an active member of SR Netherlands who will talk about how his local group at VU Amsterdam contributed to cutting the ties between the university and the fossil fuel industry.<\/p><p>The last part of the meeting will be dedicated to building local groups &#8211; don&#8217;t hesitate to bring along colleagues from your own institute; we can help you get organized at a local level.<\/p>\t\t\t\t\t\t\t\t<\/div>\n\t\t\t\t<\/div>\n\t\t\t\t\t<\/div>\n\t\t<\/div>\n\t\t\t\t\t<\/div>\n\t\t<\/section>\n\t\t\t\t<section class=\"elementor-section elementor-top-section elementor-element elementor-element-bf3f3ae elementor-section-boxed elementor-section-height-default elementor-section-height-default\" data-id=\"bf3f3ae\" data-element_type=\"section\" data-e-type=\"section\">\n\t\t\t\t\t\t<div class=\"elementor-container elementor-column-gap-default\">\n\t\t\t\t\t<div class=\"elementor-column elementor-col-100 elementor-top-column elementor-element elementor-element-18f94f9\" data-id=\"18f94f9\" data-element_type=\"column\" data-e-type=\"column\">\n\t\t\t<div class=\"elementor-widget-wrap elementor-element-populated\">\n\t\t\t\t\t\t<div class=\"elementor-element elementor-element-63d5dc7 elementor-widget elementor-widget-spacer\" data-id=\"63d5dc7\" data-element_type=\"widget\" data-e-type=\"widget\" data-widget_type=\"spacer.default\">\n\t\t\t\t<div class=\"elementor-widget-container\">\n\t\t\t\t\t\t\t<div class=\"elementor-spacer\">\n\t\t\t<div class=\"elementor-spacer-inner\"><\/div>\n\t\t<\/div>\n\t\t\t\t\t\t<\/div>\n\t\t\t\t<\/div>\n\t\t\t\t<div class=\"elementor-element elementor-element-de740fd elementor-widget elementor-widget-heading\" data-id=\"de740fd\" data-element_type=\"widget\" data-e-type=\"widget\" data-widget_type=\"heading.default\">\n\t\t\t\t<div class=\"elementor-widget-container\">\n\t\t\t\t\t<h2 class=\"elementor-heading-title elementor-size-default\">TRAININGS: Action training and skill sharing<\/h2>\t\t\t\t<\/div>\n\t\t\t\t<\/div>\n\t\t\t\t<div class=\"elementor-element elementor-element-3bae18c elementor-widget elementor-widget-text-editor\" data-id=\"3bae18c\" data-element_type=\"widget\" data-e-type=\"widget\" data-widget_type=\"text-editor.default\">\n\t\t\t\t<div class=\"elementor-widget-container\">\n\t\t\t\t\t\t\t\t\t<p>Sun 3rd Dec 2023<\/p>\t\t\t\t\t\t\t\t<\/div>\n\t\t\t\t<\/div>\n\t\t\t\t\t<\/div>\n\t\t<\/div>\n\t\t\t\t\t<\/div>\n\t\t<\/section>\n\t\t\t\t<section class=\"elementor-section elementor-top-section elementor-element elementor-element-f97c462 elementor-section-boxed elementor-section-height-default elementor-section-height-default\" data-id=\"f97c462\" data-element_type=\"section\" data-e-type=\"section\">\n\t\t\t\t\t\t<div class=\"elementor-container elementor-column-gap-default\">\n\t\t\t\t\t<div class=\"elementor-column elementor-col-100 elementor-top-column elementor-element elementor-element-6041329\" data-id=\"6041329\" data-element_type=\"column\" data-e-type=\"column\">\n\t\t\t<div class=\"elementor-widget-wrap elementor-element-populated\">\n\t\t\t\t\t\t<div class=\"elementor-element elementor-element-926da7a elementor-widget elementor-widget-spacer\" data-id=\"926da7a\" data-element_type=\"widget\" data-e-type=\"widget\" data-widget_type=\"spacer.default\">\n\t\t\t\t<div class=\"elementor-widget-container\">\n\t\t\t\t\t\t\t<div class=\"elementor-spacer\">\n\t\t\t<div class=\"elementor-spacer-inner\"><\/div>\n\t\t<\/div>\n\t\t\t\t\t\t<\/div>\n\t\t\t\t<\/div>\n\t\t\t\t<div class=\"elementor-element elementor-element-34f6dcb elementor-widget elementor-widget-heading\" data-id=\"34f6dcb\" data-element_type=\"widget\" data-e-type=\"widget\" data-widget_type=\"heading.default\">\n\t\t\t\t<div class=\"elementor-widget-container\">\n\t\t\t\t\t<h2 class=\"elementor-heading-title elementor-size-default\">WORKSHOP: From Publications to Public Actions<\/h2>\t\t\t\t<\/div>\n\t\t\t\t<\/div>\n\t\t\t\t<div class=\"elementor-element elementor-element-1d9a736 elementor-widget elementor-widget-text-editor\" data-id=\"1d9a736\" data-element_type=\"widget\" data-e-type=\"widget\" data-widget_type=\"text-editor.default\">\n\t\t\t\t<div class=\"elementor-widget-container\">\n\t\t\t\t\t\t\t\t\t<p>Wed 22 Nov 2023, 4-6 pm, University of <span style=\"text-decoration: underline;\">Cologne<\/span><\/p>\t\t\t\t\t\t\t\t<\/div>\n\t\t\t\t<\/div>\n\t\t\t\t<div class=\"elementor-element elementor-element-cd69631 elementor-widget elementor-widget-text-editor\" data-id=\"cd69631\" data-element_type=\"widget\" data-e-type=\"widget\" data-widget_type=\"text-editor.default\">\n\t\t\t\t<div class=\"elementor-widget-container\">\n\t\t\t\t\t\t\t\t\t<p>Can activism and academia go well together? Many scientists are now outlining a path forward that entails embracing non-violent civil disobedience &#8211; a powerful tool for driving social change on short timescales. It is our emergency brake. In this interactive workshop you have the chance to brainstorm, discuss and find out which types of actions suit you and how climate activism can be integrated into scholarly responsibilities without compromising professional integrity.<\/p><p>Please register via email to scientistrebellion_GER@protonmail.com<\/p>\t\t\t\t\t\t\t\t<\/div>\n\t\t\t\t<\/div>\n\t\t\t\t\t<\/div>\n\t\t<\/div>\n\t\t\t\t\t<\/div>\n\t\t<\/section>\n\t\t\t\t<section class=\"elementor-section elementor-top-section elementor-element elementor-element-670baae elementor-section-boxed elementor-section-height-default elementor-section-height-default\" data-id=\"670baae\" data-element_type=\"section\" data-e-type=\"section\">\n\t\t\t\t\t\t<div class=\"elementor-container elementor-column-gap-default\">\n\t\t\t\t\t<div class=\"elementor-column elementor-col-100 elementor-top-column elementor-element elementor-element-688c600\" data-id=\"688c600\" data-element_type=\"column\" data-e-type=\"column\">\n\t\t\t<div class=\"elementor-widget-wrap elementor-element-populated\">\n\t\t\t\t\t\t<div class=\"elementor-element elementor-element-2e6ee32 elementor-widget elementor-widget-heading\" data-id=\"2e6ee32\" data-element_type=\"widget\" data-e-type=\"widget\" data-widget_type=\"heading.default\">\n\t\t\t\t<div class=\"elementor-widget-container\">\n\t\t\t\t\t<h2 class=\"elementor-heading-title elementor-size-default\">WORKSHOP: No Research on a Dead Planet<\/h2>\t\t\t\t<\/div>\n\t\t\t\t<\/div>\n\t\t\t\t<div class=\"elementor-element elementor-element-0690456 elementor-widget elementor-widget-text-editor\" data-id=\"0690456\" data-element_type=\"widget\" data-e-type=\"widget\" data-widget_type=\"text-editor.default\">\n\t\t\t\t<div class=\"elementor-widget-container\">\n\t\t\t\t\t\t\t\t\t<p>Sat 11 Nov 2023, 3-5 pm CET, FU Berlin, Institut f\u00fcr Theaterwissenschaft, Grunewaldstr. 35, 12165 <span style=\"text-decoration: underline;\">Berlin<\/span><\/p>\t\t\t\t\t\t\t\t<\/div>\n\t\t\t\t<\/div>\n\t\t\t\t<div class=\"elementor-element elementor-element-fd9e4fa elementor-widget elementor-widget-text-editor\" data-id=\"fd9e4fa\" data-element_type=\"widget\" data-e-type=\"widget\" data-widget_type=\"text-editor.default\">\n\t\t\t\t<div class=\"elementor-widget-container\">\n\t\t\t\t\t\t\t\t\t<p>What is the role of universities during the climate and ecological emergency?<\/p>\n<p>Should academics move from publications to public actions, and engage in advocacy and activism to affect urgent change?<\/p>\n<p>Join us for a workshop on science and activism in a casual atmosphere with drinks and good conversations!<\/p>\t\t\t\t\t\t\t\t<\/div>\n\t\t\t\t<\/div>\n\t\t\t\t\t<\/div>\n\t\t<\/div>\n\t\t\t\t\t<\/div>\n\t\t<\/section>\n\t\t\t\t<section class=\"elementor-section elementor-top-section elementor-element elementor-element-cea41b8 elementor-section-boxed elementor-section-height-default elementor-section-height-default\" data-id=\"cea41b8\" data-element_type=\"section\" data-e-type=\"section\">\n\t\t\t\t\t\t<div class=\"elementor-container elementor-column-gap-default\">\n\t\t\t\t\t<div class=\"elementor-column elementor-col-100 elementor-top-column elementor-element elementor-element-762e30e\" data-id=\"762e30e\" data-element_type=\"column\" data-e-type=\"column\">\n\t\t\t<div class=\"elementor-widget-wrap elementor-element-populated\">\n\t\t\t\t\t\t<div class=\"elementor-element elementor-element-a248357 elementor-widget elementor-widget-spacer\" data-id=\"a248357\" data-element_type=\"widget\" data-e-type=\"widget\" data-widget_type=\"spacer.default\">\n\t\t\t\t<div class=\"elementor-widget-container\">\n\t\t\t\t\t\t\t<div class=\"elementor-spacer\">\n\t\t\t<div class=\"elementor-spacer-inner\"><\/div>\n\t\t<\/div>\n\t\t\t\t\t\t<\/div>\n\t\t\t\t<\/div>\n\t\t\t\t<div class=\"elementor-element elementor-element-689a822 elementor-widget elementor-widget-heading\" data-id=\"689a822\" data-element_type=\"widget\" data-e-type=\"widget\" data-widget_type=\"heading.default\">\n\t\t\t\t<div class=\"elementor-widget-container\">\n\t\t\t\t\t<h2 class=\"elementor-heading-title elementor-size-default\">TALK (EN): From Publications to Public Actions<\/h2>\t\t\t\t<\/div>\n\t\t\t\t<\/div>\n\t\t\t\t<div class=\"elementor-element elementor-element-6409ffc elementor-widget elementor-widget-text-editor\" data-id=\"6409ffc\" data-element_type=\"widget\" data-e-type=\"widget\" data-widget_type=\"text-editor.default\">\n\t\t\t\t<div class=\"elementor-widget-container\">\n\t\t\t\t\t\t\t\t\t<p>Wed 11 Oct 2023, KIT Karlsruhe<\/p>\t\t\t\t\t\t\t\t<\/div>\n\t\t\t\t<\/div>\n\t\t\t\t<div class=\"elementor-element elementor-element-e38b1c7 elementor-widget elementor-widget-text-editor\" data-id=\"e38b1c7\" data-element_type=\"widget\" data-e-type=\"widget\" data-widget_type=\"text-editor.default\">\n\t\t\t\t<div class=\"elementor-widget-container\">\n\t\t\t\t\t\t\t\t\t<p>What is the role of scientists and academics during the climate and ecological emergency?<\/p><p>Should academics move from publications to public actions, and engage in advocacy and activism to affect urgent change?<\/p><p>The Conference \u201eTransforming towards a sustainable society &#8211; challenges and solutions\u201d took place from October 11 to 13, 2023, at KIT Karlsruhe, brought together scientists and interested experts from various fields of sustainability-related research, technology, innovation, economy, and politics. The conference was held in frame of the KIT Science Week 2023.<\/p>\t\t\t\t\t\t\t\t<\/div>\n\t\t\t\t<\/div>\n\t\t\t\t<div class=\"elementor-element elementor-element-069ab85 elementor-widget__width-initial elementor-widget elementor-widget-video\" data-id=\"069ab85\" data-element_type=\"widget\" data-e-type=\"widget\" data-settings=\"{&quot;youtube_url&quot;:&quot;https:\\\/\\\/youtu.be\\\/KuRKk7gHoaQ?si=wPXWg7U6YakMEbxK&quot;,&quot;video_type&quot;:&quot;youtube&quot;,&quot;controls&quot;:&quot;yes&quot;}\" data-widget_type=\"video.default\">\n\t\t\t\t<div class=\"elementor-widget-container\">\n\t\t\t\t\t\t\t<div class=\"elementor-wrapper elementor-open-inline\">\n\t\t\t<div class=\"elementor-video\"><\/div>\t\t<\/div>\n\t\t\t\t\t\t<\/div>\n\t\t\t\t<\/div>\n\t\t\t\t\t<\/div>\n\t\t<\/div>\n\t\t\t\t\t<\/div>\n\t\t<\/section>\n\t\t\t\t<section class=\"elementor-section elementor-top-section elementor-element elementor-element-d95187a elementor-section-boxed elementor-section-height-default elementor-section-height-default\" data-id=\"d95187a\" data-element_type=\"section\" data-e-type=\"section\">\n\t\t\t\t\t\t<div class=\"elementor-container elementor-column-gap-default\">\n\t\t\t\t\t<div class=\"elementor-column elementor-col-100 elementor-top-column elementor-element elementor-element-11fd827\" data-id=\"11fd827\" data-element_type=\"column\" data-e-type=\"column\">\n\t\t\t<div class=\"elementor-widget-wrap elementor-element-populated\">\n\t\t\t\t\t\t<div class=\"elementor-element elementor-element-355237f elementor-widget elementor-widget-spacer\" data-id=\"355237f\" data-element_type=\"widget\" data-e-type=\"widget\" data-widget_type=\"spacer.default\">\n\t\t\t\t<div class=\"elementor-widget-container\">\n\t\t\t\t\t\t\t<div class=\"elementor-spacer\">\n\t\t\t<div class=\"elementor-spacer-inner\"><\/div>\n\t\t<\/div>\n\t\t\t\t\t\t<\/div>\n\t\t\t\t<\/div>\n\t\t\t\t<div class=\"elementor-element elementor-element-964bb39 elementor-widget elementor-widget-heading\" data-id=\"964bb39\" data-element_type=\"widget\" data-e-type=\"widget\" data-widget_type=\"heading.default\">\n\t\t\t\t<div class=\"elementor-widget-container\">\n\t\t\t\t\t<h2 class=\"elementor-heading-title elementor-size-default\">TALK (DE): Planetare Grenzen &amp; ziviler Widerstand<\/h2>\t\t\t\t<\/div>\n\t\t\t\t<\/div>\n\t\t\t\t<div class=\"elementor-element elementor-element-528f3fa elementor-widget elementor-widget-text-editor\" data-id=\"528f3fa\" data-element_type=\"widget\" data-e-type=\"widget\" data-widget_type=\"text-editor.default\">\n\t\t\t\t<div class=\"elementor-widget-container\">\n\t\t\t\t\t\t\t\t\t<p>23 Sep 2023, Reformationskirche, Berlin<\/p>\t\t\t\t\t\t\t\t<\/div>\n\t\t\t\t<\/div>\n\t\t\t\t<div class=\"elementor-element elementor-element-92a0c95 elementor-widget elementor-widget-text-editor\" data-id=\"92a0c95\" data-element_type=\"widget\" data-e-type=\"widget\" data-widget_type=\"text-editor.default\">\n\t\t\t\t<div class=\"elementor-widget-container\">\n\t\t\t\t\t\t\t\t\t<p>Kurzvortrag zu den planetaren Grenzen, Kipppunkten, der \u00f6kologischen Krise und der Notwendigkeit von zivilem Widerstand. Der Vortrag fand im Rahmen des Zukunftsdialogs der Gruppe Letzte Generation statt.<\/p>\t\t\t\t\t\t\t\t<\/div>\n\t\t\t\t<\/div>\n\t\t\t\t<div class=\"elementor-element elementor-element-26f7196 elementor-widget__width-initial elementor-widget elementor-widget-video\" data-id=\"26f7196\" data-element_type=\"widget\" data-e-type=\"widget\" data-settings=\"{&quot;youtube_url&quot;:&quot;https:\\\/\\\/youtu.be\\\/gQF_h71z1dk?si=urOj8wUzGHUow-jV&quot;,&quot;video_type&quot;:&quot;youtube&quot;,&quot;controls&quot;:&quot;yes&quot;}\" data-widget_type=\"video.default\">\n\t\t\t\t<div class=\"elementor-widget-container\">\n\t\t\t\t\t\t\t<div class=\"elementor-wrapper elementor-open-inline\">\n\t\t\t<div class=\"elementor-video\"><\/div>\t\t<\/div>\n\t\t\t\t\t\t<\/div>\n\t\t\t\t<\/div>\n\t\t\t\t\t<\/div>\n\t\t<\/div>\n\t\t\t\t\t<\/div>\n\t\t<\/section>\n\t\t\t\t<section class=\"elementor-section elementor-top-section elementor-element elementor-element-c2e5e8d elementor-section-boxed elementor-section-height-default elementor-section-height-default\" data-id=\"c2e5e8d\" data-element_type=\"section\" data-e-type=\"section\">\n\t\t\t\t\t\t<div class=\"elementor-container elementor-column-gap-default\">\n\t\t\t\t\t<div class=\"elementor-column elementor-col-100 elementor-top-column elementor-element elementor-element-2142bac\" data-id=\"2142bac\" data-element_type=\"column\" data-e-type=\"column\">\n\t\t\t<div class=\"elementor-widget-wrap elementor-element-populated\">\n\t\t\t\t\t\t<div class=\"elementor-element elementor-element-49aac2b elementor-widget elementor-widget-spacer\" data-id=\"49aac2b\" data-element_type=\"widget\" data-e-type=\"widget\" data-widget_type=\"spacer.default\">\n\t\t\t\t<div class=\"elementor-widget-container\">\n\t\t\t\t\t\t\t<div class=\"elementor-spacer\">\n\t\t\t<div class=\"elementor-spacer-inner\"><\/div>\n\t\t<\/div>\n\t\t\t\t\t\t<\/div>\n\t\t\t\t<\/div>\n\t\t\t\t<div class=\"elementor-element elementor-element-2f6beb2 elementor-widget elementor-widget-heading\" data-id=\"2f6beb2\" data-element_type=\"widget\" data-e-type=\"widget\" data-widget_type=\"heading.default\">\n\t\t\t\t<div class=\"elementor-widget-container\">\n\t\t\t\t\t<h2 class=\"elementor-heading-title elementor-size-default\">TALK (DE): Die Rolle von Wissenschaftler:innen auf einem Planeten in der Krise<\/h2>\t\t\t\t<\/div>\n\t\t\t\t<\/div>\n\t\t\t\t<div class=\"elementor-element elementor-element-c4f7bf4 elementor-widget elementor-widget-text-editor\" data-id=\"c4f7bf4\" data-element_type=\"widget\" data-e-type=\"widget\" data-widget_type=\"text-editor.default\">\n\t\t\t\t<div class=\"elementor-widget-container\">\n\t\t\t\t\t\t\t\t\t<p>25 May 2023, Hamburg<\/p>\t\t\t\t\t\t\t\t<\/div>\n\t\t\t\t<\/div>\n\t\t\t\t<div class=\"elementor-element elementor-element-7ad8f39 elementor-widget elementor-widget-text-editor\" data-id=\"7ad8f39\" data-element_type=\"widget\" data-e-type=\"widget\" data-widget_type=\"text-editor.default\">\n\t\t\t\t<div class=\"elementor-widget-container\">\n\t\t\t\t\t\t\t\t\t<p>Vortrag im Rahmen des Symposiums &#8220;Angst, Ekel, Scheitern &#8211; Die blinden Flecken der Nachhaltigkeit&#8221;<\/p><p>YouTube <a href=\"https:\/\/www.youtube.com\/live\/ifT3Yy_OBxM?si=aV6KbKc9frfORpLC\">Ab 06:24:00<\/a><\/p><p>Ein Text von Nana-Maria Gr\u00fcning im Rahmen des AES Symposiums <a href=\"https:\/\/angstekelscheitern.de\/wp-content\/uploads\/2023\/09\/angst-ekel-scheitern-urbanophil-verlag-open-access-hcu-einzelseiten.pdf\">hier<\/a>.\u00a0<\/p>\t\t\t\t\t\t\t\t<\/div>\n\t\t\t\t<\/div>\n\t\t\t\t\t<\/div>\n\t\t<\/div>\n\t\t\t\t\t<\/div>\n\t\t<\/section>\n\t\t\t\t<section class=\"elementor-section elementor-top-section elementor-element elementor-element-77c2750 elementor-section-boxed elementor-section-height-default elementor-section-height-default\" data-id=\"77c2750\" data-element_type=\"section\" data-e-type=\"section\">\n\t\t\t\t\t\t<div class=\"elementor-container elementor-column-gap-default\">\n\t\t\t\t\t<div class=\"elementor-column elementor-col-100 elementor-top-column elementor-element elementor-element-a90e4a8\" data-id=\"a90e4a8\" data-element_type=\"column\" data-e-type=\"column\">\n\t\t\t<div class=\"elementor-widget-wrap elementor-element-populated\">\n\t\t\t\t\t\t<div class=\"elementor-element elementor-element-257133c elementor-widget elementor-widget-spacer\" data-id=\"257133c\" data-element_type=\"widget\" data-e-type=\"widget\" data-widget_type=\"spacer.default\">\n\t\t\t\t<div class=\"elementor-widget-container\">\n\t\t\t\t\t\t\t<div class=\"elementor-spacer\">\n\t\t\t<div class=\"elementor-spacer-inner\"><\/div>\n\t\t<\/div>\n\t\t\t\t\t\t<\/div>\n\t\t\t\t<\/div>\n\t\t\t\t<div class=\"elementor-element elementor-element-3178723 elementor-widget elementor-widget-heading\" data-id=\"3178723\" data-element_type=\"widget\" data-e-type=\"widget\" data-widget_type=\"heading.default\">\n\t\t\t\t<div class=\"elementor-widget-container\">\n\t\t\t\t\t<h2 class=\"elementor-heading-title elementor-size-default\">TALK (DE): Die gesellschaftliche Rolle der Universit\u00e4t in Zeiten der Klimakrise<\/h2>\t\t\t\t<\/div>\n\t\t\t\t<\/div>\n\t\t\t\t<div class=\"elementor-element elementor-element-27014f6 elementor-widget elementor-widget-text-editor\" data-id=\"27014f6\" data-element_type=\"widget\" data-e-type=\"widget\" data-widget_type=\"text-editor.default\">\n\t\t\t\t<div class=\"elementor-widget-container\">\n\t\t\t\t\t\t\t\t\t<p>02 May 2023, Universit\u00e4t Paderborn<\/p>\t\t\t\t\t\t\t\t<\/div>\n\t\t\t\t<\/div>\n\t\t\t\t<div class=\"elementor-element elementor-element-0cc4d62 elementor-widget elementor-widget-text-editor\" data-id=\"0cc4d62\" data-element_type=\"widget\" data-e-type=\"widget\" data-widget_type=\"text-editor.default\">\n\t\t\t\t<div class=\"elementor-widget-container\">\n\t\t\t\t\t\t\t\t\t<p>Am 2. Mai hielt die renommierte Wissenschaftlerin Prof. Dr. Anne Baillot von Scientist Rebellion einen Vortrag \u00fcber die gesellschaftliche Rolle der Universit\u00e4t in Zeiten der Klimakrise. Die Veranstaltung fand in Zusammenarbeit mit End Fossil Paderborn und Students for Future Paderborn statt. Baillot hat zu universit\u00e4rem Engagement im 19. Jhdt gearbeitet und auch zu Kulturerbe im Kontext von Digitalisierung und u.a. der Klimakrise. Seit 2017 ist Sie Professorin f\u00fcr Germanistik mit dem Fokus Digital Humanities und Direktorin des Instituts f\u00fcr Germanistik an der Universit\u00e4t in Le Mans.<\/p>\t\t\t\t\t\t\t\t<\/div>\n\t\t\t\t<\/div>\n\t\t\t\t<div class=\"elementor-element elementor-element-34f86ef elementor-widget__width-initial elementor-widget elementor-widget-video\" data-id=\"34f86ef\" data-element_type=\"widget\" data-e-type=\"widget\" data-settings=\"{&quot;youtube_url&quot;:&quot;https:\\\/\\\/youtu.be\\\/nlmxxuHqVLc?si=2TS0rpZhyMMz5vPL&quot;,&quot;video_type&quot;:&quot;youtube&quot;,&quot;controls&quot;:&quot;yes&quot;}\" data-widget_type=\"video.default\">\n\t\t\t\t<div class=\"elementor-widget-container\">\n\t\t\t\t\t\t\t<div class=\"elementor-wrapper elementor-open-inline\">\n\t\t\t<div class=\"elementor-video\"><\/div>\t\t<\/div>\n\t\t\t\t\t\t<\/div>\n\t\t\t\t<\/div>\n\t\t\t\t\t<\/div>\n\t\t<\/div>\n\t\t\t\t\t<\/div>\n\t\t<\/section>\n\t\t\t\t<section class=\"elementor-section elementor-top-section elementor-element elementor-element-388bc68 elementor-section-boxed elementor-section-height-default elementor-section-height-default\" data-id=\"388bc68\" data-element_type=\"section\" data-e-type=\"section\">\n\t\t\t\t\t\t<div class=\"elementor-container elementor-column-gap-default\">\n\t\t\t\t\t<div class=\"elementor-column elementor-col-100 elementor-top-column elementor-element elementor-element-0e1be67\" data-id=\"0e1be67\" data-element_type=\"column\" data-e-type=\"column\">\n\t\t\t<div class=\"elementor-widget-wrap elementor-element-populated\">\n\t\t\t\t\t\t<div class=\"elementor-element elementor-element-8bb3f9c elementor-widget elementor-widget-spacer\" data-id=\"8bb3f9c\" data-element_type=\"widget\" data-e-type=\"widget\" data-widget_type=\"spacer.default\">\n\t\t\t\t<div class=\"elementor-widget-container\">\n\t\t\t\t\t\t\t<div class=\"elementor-spacer\">\n\t\t\t<div class=\"elementor-spacer-inner\"><\/div>\n\t\t<\/div>\n\t\t\t\t\t\t<\/div>\n\t\t\t\t<\/div>\n\t\t\t\t<div class=\"elementor-element elementor-element-9f6f327 elementor-widget elementor-widget-heading\" data-id=\"9f6f327\" data-element_type=\"widget\" data-e-type=\"widget\" data-widget_type=\"heading.default\">\n\t\t\t\t<div class=\"elementor-widget-container\">\n\t\t\t\t\t<h2 class=\"elementor-heading-title elementor-size-default\"><a href=\"https:\/\/www.ekbo.de\/themen\/detail\/nachricht\/wie-radikal-muss-klimaschutz-sein-zwischen-verzweiflung-und-realpolitik-1.html\">PODIUMSDISKUSSION (DE): 24. Jahrestagung des EbM-Netzwerks\n\nGesundheit und Klima \u2013 EbM f\u00fcr die Zukunft<\/a><\/h2>\t\t\t\t<\/div>\n\t\t\t\t<\/div>\n\t\t\t\t<div class=\"elementor-element elementor-element-31da31e elementor-widget elementor-widget-text-editor\" data-id=\"31da31e\" data-element_type=\"widget\" data-e-type=\"widget\" data-widget_type=\"text-editor.default\">\n\t\t\t\t<div class=\"elementor-widget-container\">\n\t\t\t\t\t\t\t\t\t<p>24 M\u00e4rz 2023, Potsdam<\/p>\t\t\t\t\t\t\t\t<\/div>\n\t\t\t\t<\/div>\n\t\t\t\t<div class=\"elementor-element elementor-element-233f44d elementor-widget elementor-widget-text-editor\" data-id=\"233f44d\" data-element_type=\"widget\" data-e-type=\"widget\" data-widget_type=\"text-editor.default\">\n\t\t\t\t<div class=\"elementor-widget-container\">\n\t\t\t\t\t\t\t\t\t<p>Panel-Diskussion mit Dr. Michaela Eikermann (EbM-Netzwerk), Dr. Klaus Reinhardt (B\u00c4K), Dr. Nana-Maria Gr\u00fcning (Scientist Rebellion), Moderation Maike Voss (Centre for Planetary Health Policy), ab 00:06:45 min<\/p>\t\t\t\t\t\t\t\t<\/div>\n\t\t\t\t<\/div>\n\t\t\t\t<div class=\"elementor-element elementor-element-65e0732 elementor-widget__width-initial elementor-widget elementor-widget-video\" data-id=\"65e0732\" data-element_type=\"widget\" data-e-type=\"widget\" data-settings=\"{&quot;youtube_url&quot;:&quot;https:\\\/\\\/youtu.be\\\/jhyEsdO6YG4?si=U73quo9z5uKTUKg6&quot;,&quot;start&quot;:405,&quot;video_type&quot;:&quot;youtube&quot;,&quot;controls&quot;:&quot;yes&quot;}\" data-widget_type=\"video.default\">\n\t\t\t\t<div class=\"elementor-widget-container\">\n\t\t\t\t\t\t\t<div class=\"elementor-wrapper elementor-open-inline\">\n\t\t\t<div class=\"elementor-video\"><\/div>\t\t<\/div>\n\t\t\t\t\t\t<\/div>\n\t\t\t\t<\/div>\n\t\t\t\t\t<\/div>\n\t\t<\/div>\n\t\t\t\t\t<\/div>\n\t\t<\/section>\n\t\t\t\t<section class=\"elementor-section elementor-top-section elementor-element elementor-element-e5eaabb elementor-section-boxed elementor-section-height-default elementor-section-height-default\" data-id=\"e5eaabb\" data-element_type=\"section\" data-e-type=\"section\">\n\t\t\t\t\t\t<div class=\"elementor-container elementor-column-gap-default\">\n\t\t\t\t\t<div class=\"elementor-column elementor-col-100 elementor-top-column elementor-element elementor-element-63b8949\" data-id=\"63b8949\" data-element_type=\"column\" data-e-type=\"column\">\n\t\t\t<div class=\"elementor-widget-wrap elementor-element-populated\">\n\t\t\t\t\t\t<div class=\"elementor-element elementor-element-a2e60ca elementor-widget elementor-widget-spacer\" data-id=\"a2e60ca\" data-element_type=\"widget\" data-e-type=\"widget\" data-widget_type=\"spacer.default\">\n\t\t\t\t<div class=\"elementor-widget-container\">\n\t\t\t\t\t\t\t<div class=\"elementor-spacer\">\n\t\t\t<div class=\"elementor-spacer-inner\"><\/div>\n\t\t<\/div>\n\t\t\t\t\t\t<\/div>\n\t\t\t\t<\/div>\n\t\t\t\t<div class=\"elementor-element elementor-element-ca6e1f9 elementor-widget elementor-widget-heading\" data-id=\"ca6e1f9\" data-element_type=\"widget\" data-e-type=\"widget\" data-widget_type=\"heading.default\">\n\t\t\t\t<div class=\"elementor-widget-container\">\n\t\t\t\t\t<h2 class=\"elementor-heading-title elementor-size-default\"><a href=\"https:\/\/www.ekbo.de\/themen\/detail\/nachricht\/wie-radikal-muss-klimaschutz-sein-zwischen-verzweiflung-und-realpolitik-1.html\">PODIUMSDISKUSSION (DE): Wie radikal muss Klimaschutz sein? Zwischen Verzweiflung und Realpolitik<\/a><\/h2>\t\t\t\t<\/div>\n\t\t\t\t<\/div>\n\t\t\t\t<div class=\"elementor-element elementor-element-d24176e elementor-widget elementor-widget-text-editor\" data-id=\"d24176e\" data-element_type=\"widget\" data-e-type=\"widget\" data-widget_type=\"text-editor.default\">\n\t\t\t\t<div class=\"elementor-widget-container\">\n\t\t\t\t\t\t\t\t\t<p>12 Dez 2022, Genezarethkirche, Berlin<\/p>\t\t\t\t\t\t\t\t<\/div>\n\t\t\t\t<\/div>\n\t\t\t\t<div class=\"elementor-element elementor-element-a6a7c98 elementor-widget elementor-widget-text-editor\" data-id=\"a6a7c98\" data-element_type=\"widget\" data-e-type=\"widget\" data-widget_type=\"text-editor.default\">\n\t\t\t\t<div class=\"elementor-widget-container\">\n\t\t\t\t\t\t\t\t\t<p>Tempolimit 100, 9-Euro-Ticket f\u00fcr alle \u2013 Klima-Aktivist:innen fordern eine schnelle Verkehrswende. Doch was l\u00e4sst sich realpolitisch umsetzen? Und nutzen Proteste dem Klimaschutz oder schadet es dem Thema? Tempolimit 100, das hat auch die EKD-Synode beschlossen. Und ist nun heftiger Kritik ausgesetzt. Wie k\u00f6nnen wir als Gesellschaft beim Klimaschutz vorankommen?<\/p><p><strong>Diskussion mit:<\/strong><br \/>Bettina Jarasch, Senatorin f\u00fcr Umwelt, Mobilit\u00e4t, Verbraucher- und Klimaschutz in Berlin<br \/>Dr. Simon Teune, Soziologe mit Schwerpunkt Protest- und Bewegungsforschung<br \/>Dr. Nana-Maria Gr\u00fcning, Biologin und Mitglied bei Scientist Rebellion<br \/>Dr. Christian St\u00e4blein, Bischof der Evangelischen\u00a0 Kirche Berlin-Brandenburg-schlesische Oberlausitz<\/p>\t\t\t\t\t\t\t\t<\/div>\n\t\t\t\t<\/div>\n\t\t\t\t\t<\/div>\n\t\t<\/div>\n\t\t\t\t\t<\/div>\n\t\t<\/section>\n\t\t\t\t<section class=\"elementor-section elementor-top-section elementor-element elementor-element-05b025e elementor-section-boxed elementor-section-height-default elementor-section-height-default\" data-id=\"05b025e\" data-element_type=\"section\" data-e-type=\"section\">\n\t\t\t\t\t\t<div class=\"elementor-container elementor-column-gap-default\">\n\t\t\t\t\t<div class=\"elementor-column elementor-col-100 elementor-top-column elementor-element elementor-element-41757c2\" data-id=\"41757c2\" data-element_type=\"column\" data-e-type=\"column\">\n\t\t\t<div class=\"elementor-widget-wrap elementor-element-populated\">\n\t\t\t\t\t\t<div class=\"elementor-element elementor-element-709b3c6 elementor-widget elementor-widget-spacer\" data-id=\"709b3c6\" data-element_type=\"widget\" data-e-type=\"widget\" data-widget_type=\"spacer.default\">\n\t\t\t\t<div class=\"elementor-widget-container\">\n\t\t\t\t\t\t\t<div class=\"elementor-spacer\">\n\t\t\t<div class=\"elementor-spacer-inner\"><\/div>\n\t\t<\/div>\n\t\t\t\t\t\t<\/div>\n\t\t\t\t<\/div>\n\t\t\t\t<div class=\"elementor-element elementor-element-23e39fe elementor-widget elementor-widget-heading\" data-id=\"23e39fe\" data-element_type=\"widget\" data-e-type=\"widget\" data-widget_type=\"heading.default\">\n\t\t\t\t<div class=\"elementor-widget-container\">\n\t\t\t\t\t<h2 class=\"elementor-heading-title elementor-size-default\">TALK (DE): Planetary Health? Gesundheit, Klimakrise, ziviler Ungehorsam<\/h2>\t\t\t\t<\/div>\n\t\t\t\t<\/div>\n\t\t\t\t<div class=\"elementor-element elementor-element-a2401cd elementor-widget elementor-widget-text-editor\" data-id=\"a2401cd\" data-element_type=\"widget\" data-e-type=\"widget\" data-widget_type=\"text-editor.default\">\n\t\t\t\t<div class=\"elementor-widget-container\">\n\t\t\t\t\t\t\t\t\t<p>26 Okt 2022, Universit\u00e4t Bonn<\/p>\t\t\t\t\t\t\t\t<\/div>\n\t\t\t\t<\/div>\n\t\t\t\t<div class=\"elementor-element elementor-element-73d056f elementor-widget__width-initial elementor-widget elementor-widget-text-editor\" data-id=\"73d056f\" data-element_type=\"widget\" data-e-type=\"widget\" data-widget_type=\"text-editor.default\">\n\t\t\t\t<div class=\"elementor-widget-container\">\n\t\t\t\t\t\t\t\t\t<p>Der Vortrag von Infromationswissenschaftlerin Maria-Inti Metzendorf fand im Rahmen der Ringvorlesung &#8220;Aspekte der Erderw\u00e4rmung&#8221; statt.<\/p><p>Aufzeichnung auf <a href=\"https:\/\/www.youtube.com\/live\/Gzevx8X77Pc?si=cvX0OZjYEnRlV6Un\">YouTube<\/a>.<\/p>\t\t\t\t\t\t\t\t<\/div>\n\t\t\t\t<\/div>\n\t\t\t\t\t<\/div>\n\t\t<\/div>\n\t\t\t\t\t<\/div>\n\t\t<\/section>\n\t\t\t\t<section class=\"elementor-section elementor-top-section elementor-element elementor-element-da76336 elementor-section-boxed elementor-section-height-default elementor-section-height-default\" data-id=\"da76336\" data-element_type=\"section\" data-e-type=\"section\">\n\t\t\t\t\t\t<div class=\"elementor-container elementor-column-gap-default\">\n\t\t\t\t\t<div class=\"elementor-column elementor-col-100 elementor-top-column elementor-element elementor-element-f232a6a\" data-id=\"f232a6a\" data-element_type=\"column\" data-e-type=\"column\">\n\t\t\t<div class=\"elementor-widget-wrap elementor-element-populated\">\n\t\t\t\t\t\t<div class=\"elementor-element elementor-element-cdaf57c elementor-widget elementor-widget-spacer\" data-id=\"cdaf57c\" data-element_type=\"widget\" data-e-type=\"widget\" data-widget_type=\"spacer.default\">\n\t\t\t\t<div class=\"elementor-widget-container\">\n\t\t\t\t\t\t\t<div class=\"elementor-spacer\">\n\t\t\t<div class=\"elementor-spacer-inner\"><\/div>\n\t\t<\/div>\n\t\t\t\t\t\t<\/div>\n\t\t\t\t<\/div>\n\t\t\t\t<div class=\"elementor-element elementor-element-94ca687 elementor-widget elementor-widget-heading\" data-id=\"94ca687\" data-element_type=\"widget\" data-e-type=\"widget\" data-widget_type=\"heading.default\">\n\t\t\t\t<div class=\"elementor-widget-container\">\n\t\t\t\t\t<h2 class=\"elementor-heading-title elementor-size-default\">TALK (DE): Von Publikationen zu Aktionen<\/h2>\t\t\t\t<\/div>\n\t\t\t\t<\/div>\n\t\t\t\t<div class=\"elementor-element elementor-element-18717d9 elementor-widget elementor-widget-text-editor\" data-id=\"18717d9\" data-element_type=\"widget\" data-e-type=\"widget\" data-widget_type=\"text-editor.default\">\n\t\t\t\t<div class=\"elementor-widget-container\">\n\t\t\t\t\t\t\t\t\t<p>27 Apr 2022, Universit\u00e4t Leipzig<\/p>\t\t\t\t\t\t\t\t<\/div>\n\t\t\t\t<\/div>\n\t\t\t\t<div class=\"elementor-element elementor-element-5c48354 elementor-widget elementor-widget-text-editor\" data-id=\"5c48354\" data-element_type=\"widget\" data-e-type=\"widget\" data-widget_type=\"text-editor.default\">\n\t\t\t\t<div class=\"elementor-widget-container\">\n\t\t\t\t\t\t\t\t\t<p>Alle konventionellen Wege, den Regierungen und der \u00d6ffentlichkeit die drohende Katastrophe des Zusammenbruchs des Weltklimas begreiflich zu machen, sind gescheitert. Die Emissionen steigen weiter, \u00d6kosysteme werden weiter zerst\u00f6rt. In diesem Vortrag beschreibt Dr. Nana-Maria Gr\u00fcning, dass Wissenschaftler:innen deutlich die riesige L\u00fccke zwischen dem Wissen \u00fcber die Krise und dem politischem Handeln beziehungsweise Nicht-Handeln sehen. Und wenn jemand erkennt, dass es brennt, ist diese Person in der Verantwortung, allen die Gefahr bewusst zu machen, damit sie sich in Sicherheit bringen k\u00f6nnen. F\u00fcr uns von Scientist Rebellion sind die Zeiten der ausschlie\u00dflich neutralen Wissenschaftskommunikation vorbei. Dieses Jahrzehnt ist das wichtigste in der Menschheitsgeschichte. Wann wollen wir uns gegen\u00fcber politischer Ignoranz und Korruption aufb\u00e4umen wenn nicht jetzt? Klimarevolution oder wir verlieren alles!<\/p>\t\t\t\t\t\t\t\t<\/div>\n\t\t\t\t<\/div>\n\t\t\t\t<div class=\"elementor-element elementor-element-d1e6b65 elementor-widget__width-initial elementor-widget elementor-widget-video\" data-id=\"d1e6b65\" data-element_type=\"widget\" data-e-type=\"widget\" data-settings=\"{&quot;youtube_url&quot;:&quot;https:\\\/\\\/youtu.be\\\/giBOXiuJN_w?si=WqeNhvyi4pMBrq9f&quot;,&quot;video_type&quot;:&quot;youtube&quot;,&quot;controls&quot;:&quot;yes&quot;}\" data-widget_type=\"video.default\">\n\t\t\t\t<div class=\"elementor-widget-container\">\n\t\t\t\t\t\t\t<div class=\"elementor-wrapper elementor-open-inline\">\n\t\t\t<div class=\"elementor-video\"><\/div>\t\t<\/div>\n\t\t\t\t\t\t<\/div>\n\t\t\t\t<\/div>\n\t\t\t\t\t<\/div>\n\t\t<\/div>\n\t\t\t\t\t<\/div>\n\t\t<\/section>\n\t\t\t\t<section class=\"elementor-section elementor-top-section elementor-element elementor-element-6baa0d2 elementor-section-boxed elementor-section-height-default elementor-section-height-default\" data-id=\"6baa0d2\" data-element_type=\"section\" data-e-type=\"section\">\n\t\t\t\t\t\t<div class=\"elementor-container elementor-column-gap-default\">\n\t\t\t\t\t<div class=\"elementor-column elementor-col-100 elementor-top-column elementor-element elementor-element-4d8e3cd\" data-id=\"4d8e3cd\" data-element_type=\"column\" data-e-type=\"column\">\n\t\t\t<div class=\"elementor-widget-wrap elementor-element-populated\">\n\t\t\t\t\t\t<div class=\"elementor-element elementor-element-0d13fcc elementor-widget elementor-widget-spacer\" data-id=\"0d13fcc\" data-element_type=\"widget\" data-e-type=\"widget\" data-widget_type=\"spacer.default\">\n\t\t\t\t<div class=\"elementor-widget-container\">\n\t\t\t\t\t\t\t<div class=\"elementor-spacer\">\n\t\t\t<div class=\"elementor-spacer-inner\"><\/div>\n\t\t<\/div>\n\t\t\t\t\t\t<\/div>\n\t\t\t\t<\/div>\n\t\t\t\t<div class=\"elementor-element elementor-element-53c1f53 elementor-widget elementor-widget-heading\" data-id=\"53c1f53\" data-element_type=\"widget\" data-e-type=\"widget\" data-widget_type=\"heading.default\">\n\t\t\t\t<div class=\"elementor-widget-container\">\n\t\t\t\t\t<h2 class=\"elementor-heading-title elementor-size-default\">TALK (DE): Planetare Gesundheitskrise und ziviler Ungehorsam<\/h2>\t\t\t\t<\/div>\n\t\t\t\t<\/div>\n\t\t\t\t<div class=\"elementor-element elementor-element-2c7dc29 elementor-widget elementor-widget-text-editor\" data-id=\"2c7dc29\" data-element_type=\"widget\" data-e-type=\"widget\" data-widget_type=\"text-editor.default\">\n\t\t\t\t<div class=\"elementor-widget-container\">\n\t\t\t\t\t\t\t\t\t<p>29 M\u00e4rz 2022, online<\/p>\t\t\t\t\t\t\t\t<\/div>\n\t\t\t\t<\/div>\n\t\t\t\t<div class=\"elementor-element elementor-element-1e055de elementor-widget elementor-widget-text-editor\" data-id=\"1e055de\" data-element_type=\"widget\" data-e-type=\"widget\" data-widget_type=\"text-editor.default\">\n\t\t\t\t<div class=\"elementor-widget-container\">\n\t\t\t\t\t\t\t\t\t<p>Gesundheitsberufe sind dazu verpflichtet, eine Diagnose ehrlich zu kommunizieren, auch wenn sie unangenehm und lebensbedrohlich ist. Die von Menschen ausgel\u00f6ste Planetary Health Crisis verursacht bereits jetzt gro\u00dfes Leid, das global ungerecht verteilt ist und sich in Zukunft noch drastisch verst\u00e4rken wird.<\/p><p>Maria-Inti Metzendorf, Medizinische Informationswissenschaftlerin an der Heinrich-Heine-Universit\u00e4t D\u00fcsseldorf, spricht \u00fcber die gesundheitlichen Auswirkungen der Klima- und \u00f6kologischen Krise, und stellt vor warum sie und andere Menschen im Gesundheitswesen sich auch als Aktivisten engagieren.<\/p><p>Lea Bonasera schreibt ihre Doktorarbeit in Politikwissenschaft zu zivilem Ungehorsam. Sie ist Mitinitiatorin der Gruppe &#8220;Letzte Generation&#8221;, die Hungerstreik und Autobahnblockaden als friedliche Aktionsformen nutzt. Lea begr\u00fcndet, warum ziviler Ungehorsam jetzt so dringend gebraucht wird und wie er effektiv angewendet wird.<\/p>\t\t\t\t\t\t\t\t<\/div>\n\t\t\t\t<\/div>\n\t\t\t\t<div class=\"elementor-element elementor-element-f8c4b7f elementor-widget__width-initial elementor-widget elementor-widget-video\" data-id=\"f8c4b7f\" data-element_type=\"widget\" data-e-type=\"widget\" data-settings=\"{&quot;youtube_url&quot;:&quot;https:\\\/\\\/youtu.be\\\/ns2XkfaGIUk?si=InnCHpP5Dz5Bwqbl&quot;,&quot;video_type&quot;:&quot;youtube&quot;,&quot;controls&quot;:&quot;yes&quot;}\" data-widget_type=\"video.default\">\n\t\t\t\t<div class=\"elementor-widget-container\">\n\t\t\t\t\t\t\t<div class=\"elementor-wrapper elementor-open-inline\">\n\t\t\t<div class=\"elementor-video\"><\/div>\t\t<\/div>\n\t\t\t\t\t\t<\/div>\n\t\t\t\t<\/div>\n\t\t\t\t\t<\/div>\n\t\t<\/div>\n\t\t\t\t\t<\/div>\n\t\t<\/section>\n\t\t\t\t<\/div>","protected":false},"excerpt":{"rendered":"<p>Upcoming DEMONSTRATION: \u201eKeine Einzelf\u00e4lle \u2013 Polizei t\u00f6tet!\u201c Demonstration in Berlin Sunday, March 15, 2026, Berlin EN below Presseank\u00fcndigung 15. M\u00e4rz: Am Internationalen Tag gegen Polizeigewalt ruft das breite B\u00fcndnis \u201eKeine Einzelf\u00e4lle \u2013 Polizei t\u00f6tet!\u201c bundesweit zu einer Demonstration in Berlin auf. Berlin, 10. M\u00e4rz 2026 \u2013 Immer wieder t\u00f6tet die Polizei, ohne dass es angemessene&hellip; <br \/> <a class=\"read-more\" href=\"https:\/\/scientistrebellion.de\/de\/talks-and-workshops\/\">Weiterlesen<\/a><\/p>","protected":false},"author":2,"featured_media":0,"parent":0,"menu_order":0,"comment_status":"closed","ping_status":"closed","template":"","meta":{"footnotes":""},"class_list":["post-733","page","type-page","status-publish","hentry"],"_links":{"self":[{"href":"https:\/\/scientistrebellion.de\/de\/wp-json\/wp\/v2\/pages\/733","targetHints":{"allow":["GET"]}}],"collection":[{"href":"https:\/\/scientistrebellion.de\/de\/wp-json\/wp\/v2\/pages"}],"about":[{"href":"https:\/\/scientistrebellion.de\/de\/wp-json\/wp\/v2\/types\/page"}],"author":[{"embeddable":true,"href":"https:\/\/scientistrebellion.de\/de\/wp-json\/wp\/v2\/users\/2"}],"replies":[{"embeddable":true,"href":"https:\/\/scientistrebellion.de\/de\/wp-json\/wp\/v2\/comments?post=733"}],"version-history":[{"count":209,"href":"https:\/\/scientistrebellion.de\/de\/wp-json\/wp\/v2\/pages\/733\/revisions"}],"predecessor-version":[{"id":3785,"href":"https:\/\/scientistrebellion.de\/de\/wp-json\/wp\/v2\/pages\/733\/revisions\/3785"}],"wp:attachment":[{"href":"https:\/\/scientistrebellion.de\/de\/wp-json\/wp\/v2\/media?parent=733"}],"curies":[{"name":"wp","href":"https:\/\/api.w.org\/{rel}","templated":true}]}}